{"id":483,"date":"2020-09-10T12:48:55","date_gmt":"2020-09-10T12:48:55","guid":{"rendered":"https:\/\/chateaumaillard.com\/?page_id=483"},"modified":"2020-09-10T13:19:31","modified_gmt":"2020-09-10T13:19:31","slug":"conditions-generales-de-vente","status":"publish","type":"page","link":"https:\/\/chateaumaillard.com\/en\/conditions-generales-de-vente\/","title":{"rendered":"Terms of Sales"},"content":{"rendered":"\t\t<div data-elementor-type=\"wp-page\" data-elementor-id=\"483\" class=\"elementor elementor-483\" data-elementor-post-type=\"page\">\n\t\t\t\t\t\t<section class=\"elementor-section elementor-top-section elementor-element elementor-element-2c868ed elementor-section-height-min-height elementor-section-boxed elementor-section-height-default elementor-section-items-middle\" data-id=\"2c868ed\" data-element_type=\"section\" data-e-type=\"section\" data-settings=\"{&quot;background_background&quot;:&quot;classic&quot;,&quot;jet_parallax_layout_list&quot;:[]}\">\n\t\t\t\t\t\t\t<div class=\"elementor-background-overlay\"><\/div>\n\t\t\t\t\t\t\t<div class=\"elementor-container elementor-column-gap-default\">\n\t\t\t\t\t<div class=\"elementor-column elementor-col-100 elementor-top-column elementor-element elementor-element-8ce78d2\" data-id=\"8ce78d2\" data-element_type=\"column\" data-e-type=\"column\">\n\t\t\t<div class=\"elementor-widget-wrap elementor-element-populated\">\n\t\t\t\t\t\t<div class=\"elementor-element elementor-element-65723b8 elementor-widget elementor-widget-heading\" data-id=\"65723b8\" data-element_type=\"widget\" data-e-type=\"widget\" data-widget_type=\"heading.default\">\n\t\t\t\t<div class=\"elementor-widget-container\">\n\t\t\t\t\t<h2 class=\"elementor-heading-title elementor-size-default\">Conditions ge\u0301ne\u0301rales de vente<\/h2>\t\t\t\t<\/div>\n\t\t\t\t<\/div>\n\t\t\t\t\t<\/div>\n\t\t<\/div>\n\t\t\t\t\t<\/div>\n\t\t<\/section>\n\t\t\t\t<section class=\"elementor-section elementor-top-section elementor-element elementor-element-013d840 elementor-section-boxed elementor-section-height-default elementor-section-height-default\" data-id=\"013d840\" data-element_type=\"section\" data-e-type=\"section\" data-settings=\"{&quot;jet_parallax_layout_list&quot;:[{&quot;jet_parallax_layout_image&quot;:{&quot;url&quot;:&quot;&quot;,&quot;id&quot;:&quot;&quot;,&quot;size&quot;:&quot;&quot;},&quot;_id&quot;:&quot;a719ca0&quot;,&quot;jet_parallax_layout_image_tablet&quot;:{&quot;url&quot;:&quot;&quot;,&quot;id&quot;:&quot;&quot;,&quot;size&quot;:&quot;&quot;},&quot;jet_parallax_layout_image_mobile&quot;:{&quot;url&quot;:&quot;&quot;,&quot;id&quot;:&quot;&quot;,&quot;size&quot;:&quot;&quot;},&quot;jet_parallax_layout_speed&quot;:{&quot;unit&quot;:&quot;%&quot;,&quot;size&quot;:50,&quot;sizes&quot;:[]},&quot;jet_parallax_layout_type&quot;:&quot;scroll&quot;,&quot;jet_parallax_layout_direction&quot;:&quot;1&quot;,&quot;jet_parallax_layout_fx_direction&quot;:null,&quot;jet_parallax_layout_z_index&quot;:&quot;&quot;,&quot;jet_parallax_layout_bg_x&quot;:50,&quot;jet_parallax_layout_bg_x_tablet&quot;:&quot;&quot;,&quot;jet_parallax_layout_bg_x_mobile&quot;:&quot;&quot;,&quot;jet_parallax_layout_bg_y&quot;:50,&quot;jet_parallax_layout_bg_y_tablet&quot;:&quot;&quot;,&quot;jet_parallax_layout_bg_y_mobile&quot;:&quot;&quot;,&quot;jet_parallax_layout_bg_size&quot;:&quot;auto&quot;,&quot;jet_parallax_layout_bg_size_tablet&quot;:&quot;&quot;,&quot;jet_parallax_layout_bg_size_mobile&quot;:&quot;&quot;,&quot;jet_parallax_layout_animation_prop&quot;:&quot;transform&quot;,&quot;jet_parallax_layout_on&quot;:[&quot;desktop&quot;,&quot;tablet&quot;]}]}\">\n\t\t\t\t\t\t<div class=\"elementor-container elementor-column-gap-default\">\n\t\t\t\t\t<div class=\"elementor-column elementor-col-100 elementor-top-column elementor-element elementor-element-b0ca58b\" data-id=\"b0ca58b\" data-element_type=\"column\" data-e-type=\"column\" data-settings=\"{&quot;background_background&quot;:&quot;classic&quot;}\">\n\t\t\t<div class=\"elementor-widget-wrap elementor-element-populated\">\n\t\t\t\t\t\t<div class=\"elementor-element elementor-element-822d413 elementor-widget elementor-widget-text-editor\" data-id=\"822d413\" data-element_type=\"widget\" data-e-type=\"widget\" data-widget_type=\"text-editor.default\">\n\t\t\t\t<div class=\"elementor-widget-container\">\n\t\t\t\t\t\t\t\t\t<p><strong style=\"font-size: inherit; text-align: inherit; font-family: var( --e-global-typography-text-font-family ); font-style: var(--fontStyle, inherit); letter-spacing: var(--letterSpacing); text-transform: var(--textTransform);\">Conditions g\u00e9n\u00e9rales de vente&nbsp;de produits&nbsp;en ligne \u00e0 des consommateurs particuliers<\/strong><br><\/p>\n<p>Date de derni\u00e8re mise \u00e0 jour&nbsp;<strong>11.06.2019&nbsp;<\/strong><\/p>\n<p><\/p>\n<p><strong>Pr\u00e9ambule&nbsp;<\/strong><\/p>\n<p>Les pr\u00e9sentes conditions g\u00e9n\u00e9rales de vente s\u2019appliquent \u00e0 toutes les ventes conclues sur le site Internet&nbsp;Ch\u00e2teau Maillard.<\/p>\n<p>Le site Internet&nbsp;www.chateaumaillard.com&nbsp;est un service de&nbsp;:<\/p>\n<ul>\n<li>La soci\u00e9t\u00e9&nbsp;&nbsp;Ch\u00e2teau Maillard<br>RCS (<em>ou R\u00e9pertoire des m\u00e9tiers<\/em>) de BORDEAUX.n\u00b0.392 421 079&nbsp;<br>N\u00b0 individuel d\u2019identification fiscal&nbsp;FR392 421 079 00014<\/li>\n<li>situ\u00e9e&nbsp;\u00e0 lieu dit Ramonas, 33210 Maz\u00e9res<\/li>\n<li>adresse URL du site&nbsp;:&nbsp;www.chateaumaillard.com<\/li>\n<li>e-mail&nbsp;:&nbsp;contact@chateaumaillard.com<\/li>\n<li>num\u00e9ro de t\u00e9l\u00e9phone&nbsp;:&nbsp;0556761540<\/li>\n<\/ul>\n<p>Le site Internet&nbsp;Ch\u00e2teau Maillard&nbsp;commercialise les produits suivants&nbsp;:&nbsp;Bouteilles de vin.<\/p>\n<p>Le client d\u00e9clare avoir pris connaissance et avoir accept\u00e9 les conditions g\u00e9n\u00e9rales de vente ant\u00e9rieurement \u00e0 la passation de sa commande. La validation de la commande vaut donc acceptation des conditions g\u00e9n\u00e9rales de vente.<\/p>\n<p><\/p>\n<p><strong>Article 1 \u2013 Principes<\/strong><\/p>\n<p><\/p>\n<p>Les pr\u00e9sentes conditions g\u00e9n\u00e9rales expriment l\u2019int\u00e9gralit\u00e9 des obligations des parties. En ce sens, l\u2019acheteur est r\u00e9put\u00e9 les accepter sans r\u00e9serve.<\/p>\n<p>Les pr\u00e9sentes conditions g\u00e9n\u00e9rales de vente s\u2019appliquent \u00e0 l\u2019exclusion de toutes autres conditions, et notamment celles applicables pour les ventes en magasin ou au moyen d\u2019autres circuits de distribution et de commercialisation.<\/p>\n<p>Elles sont accessibles sur le site internet&nbsp;Ch\u00e2teau Maillard&nbsp;et pr\u00e9vaudront, le cas \u00e9ch\u00e9ant, sur toute autre version ou tout autre document contradictoire.<\/p>\n<p>Le vendeur et l\u2019acheteur conviennent que les pr\u00e9sentes conditions g\u00e9n\u00e9rales r\u00e9gissent exclusivement leur relation. Le vendeur se r\u00e9serve le droit de modifier ponctuellement ses conditions g\u00e9n\u00e9rales. Elles seront applicables d\u00e8s leur mise en ligne.<\/p>\n<p>Si une condition de vente venait \u00e0 faire d\u00e9faut, elle serait consid\u00e9r\u00e9e \u00eatre r\u00e9gie par les usages en vigueur dans le secteur de la vente \u00e0 distance dont les soci\u00e9t\u00e9s ont leur si\u00e8ge en France.<\/p>\n<p>Les pr\u00e9sentes conditions g\u00e9n\u00e9rales de vente sont valables jusqu\u2019au&nbsp;.<\/p>\n<p><\/p>\n<p><strong>Article 2 \u2013 Contenu<\/strong><\/p>\n<p><\/p>\n<p>Les pr\u00e9sentes conditions g\u00e9n\u00e9rales ont pour objet de d\u00e9finir les droits et obligations des parties dans le cadre de la vente en ligne de biens propos\u00e9s par le vendeur \u00e0 l\u2019acheteur, \u00e0 partir du site internet&nbsp;Chateau Maillard.<\/p>\n<p>Les pr\u00e9sentes conditions ne concernent que les achats effectu\u00e9s sur le site de&nbsp;Chateau Maillard&nbsp;et livr\u00e9s exclusivement en m\u00e9tropole ou en Corse. Pour toute livraison dans les DOM-TOM ou \u00e0 l\u2019\u00e9tranger, il convient d\u2019adresser un message \u00e0 l\u2019adresse e-mail suivante&nbsp;:&nbsp;contact@chateaumaillard.com<\/p>\n<p>Ces achats concernent les produits suivants&nbsp;:&nbsp;Bouteilles de vin.<\/p>\n<p><\/p>\n<p><strong>Article 3 \u2013 Informations pr\u00e9contractuelles<\/strong><\/p>\n<p><\/p>\n<p>L\u2019acheteur reconna\u00eet avoir eu communication, pr\u00e9alablement \u00e0 la passation de sa commande et \u00e0 la conclusion du contrat, d\u2019une mani\u00e8re lisible et compr\u00e9hensible, des pr\u00e9sentes conditions g\u00e9n\u00e9rales de vente et de toutes les informations list\u00e9es \u00e0 l\u2019article L. 221-5 du code de la consommation.<\/p>\n<p><\/p>\n<p>Sont transmises \u00e0 l\u2019acheteur, de mani\u00e8re claire et compr\u00e9hensible, les informations suivantes&nbsp;:<\/p>\n<p>\u2013 les caract\u00e9ristiques essentielles du bien ;<\/p>\n<p>\u2013 le prix du bien et\/ou le mode de calcul du prix ;<\/p>\n<p>\u2013 s\u2019il y a lieu, tous les frais suppl\u00e9mentaires de transport, de livraison ou d\u2019affranchissement et tous les autres frais \u00e9ventuels exigibles ;<\/p>\n<p>\u2013 en l\u2019absence d\u2019ex\u00e9cution imm\u00e9diate du contrat, la date ou le d\u00e9lai auquel le vendeur s\u2019engage \u00e0 livrer le bien, quel que soit son prix ;<\/p>\n<p>\u2013 les informations relatives \u00e0 l\u2019identit\u00e9 du vendeur, \u00e0 ses coordonn\u00e9es postales, t\u00e9l\u00e9phoniques et \u00e9lectroniques, et \u00e0 ses activit\u00e9s, celles relatives aux garanties l\u00e9gales, aux fonctionnalit\u00e9s du contenu num\u00e9rique et, le cas \u00e9ch\u00e9ant, \u00e0 son interop\u00e9rabilit\u00e9, \u00e0 l\u2019existence et aux modalit\u00e9s de mise en oeuvre des garanties et autres conditions contractuelles.<\/p>\n<p><\/p>\n<p><strong>Article 4 \u2013 La commande<\/strong><\/p>\n<p><\/p>\n<p>L\u2019acheteur a la possibilit\u00e9 de passer sa commande en ligne, \u00e0 partir du catalogue en ligne et au moyen du formulaire qui y figure, pour tout produit, dans la limite des stocks disponibles.<\/p>\n<p>L\u2019acheteur sera inform\u00e9 de toute indisponibilit\u00e9 du produit ou du bien command\u00e9.<\/p>\n<p>Pour que la commande soit valid\u00e9e, l\u2019acheteur devra accepter, en cliquant \u00e0 l\u2019endroit indiqu\u00e9, les pr\u00e9sentes conditions g\u00e9n\u00e9rales. Il devra aussi choisir l\u2019adresse et le mode de livraison, et enfin valider le mode de paiement.<\/p>\n<p>La vente sera consid\u00e9r\u00e9e comme d\u00e9finitive&nbsp;:<\/p>\n<p>\u2013 apr\u00e8s l\u2019envoi \u00e0 l\u2019acheteur de la confirmation de l\u2019acceptation de la commande par le vendeur par courrier \u00e9lectronique ;<\/p>\n<p>\u2013 et apr\u00e8s encaissement par le vendeur de l\u2019int\u00e9gralit\u00e9 du prix.<\/p>\n<p>Toute commande vaut acceptation des prix et de la description&nbsp;des produits disponibles \u00e0 la vente. Toute contestation sur ce point interviendra dans le cadre d\u2019un \u00e9ventuel \u00e9change et des garanties ci-dessous mentionn\u00e9es.<\/p>\n<p>Dans certains cas, notamment d\u00e9faut de paiement, adresse erron\u00e9e ou autre probl\u00e8me sur le compte de l\u2019acheteur, le vendeur se r\u00e9serve le droit de bloquer la commande de l\u2019acheteur jusqu\u2019\u00e0 la r\u00e9solution du probl\u00e8me.<\/p>\n<p>Pour toute question relative au suivi d\u2019une commande, l\u2019acheteur peut appeler le num\u00e9ro de t\u00e9l\u00e9phone suivant&nbsp;:&nbsp;0556761540&nbsp;(co\u00fbt d\u2019un appel local), aux jours et horaires suivants&nbsp;:&nbsp;Du lundi au vendredi, de 09h \u00e0 12h puis de 14h00 \u00e0 18h, ou envoyer un mail au vendeur \u00e0 l\u2019adresse mail suivante&nbsp;:&nbsp;contact@chateaumaillard.com<\/p>\n<p><\/p>\n<p><strong>Article 5 \u2013 Signature \u00e9lectronique<\/strong><\/p>\n<p><\/p>\n<p>La fourniture en ligne du num\u00e9ro de carte bancaire de l\u2019acheteur et la validation finale de la commande vaudront preuve de l\u2019accord de l\u2019acheteur&nbsp;:<\/p>\n<p>\u2013 &nbsp;exigibilit\u00e9 des sommes dues au titre du bon de commande ;<\/p>\n<p>\u2013 &nbsp;signature et acception expresse de toutes les op\u00e9rations effectu\u00e9es.<\/p>\n<p>En cas d\u2019utilisation frauduleuse de la carte bancaire, l\u2019acheteur est invit\u00e9, d\u00e8s le constat de cette utilisation, \u00e0 contacter le vendeur au num\u00e9ro de t\u00e9l\u00e9phone suivant&nbsp;:&nbsp;0556761540.<\/p>\n<p><\/p>\n<p><strong>Article 6 \u2013 Confirmation de commande<\/strong><\/p>\n<p><\/p>\n<p>Le vendeur fournit \u00e0 l\u2019acheteur une confirmation de commande, par messagerie \u00e9lectronique.<\/p>\n<p><\/p>\n<p><strong>Article 7 \u2013 Preuve de la transaction<\/strong><\/p>\n<p><\/p>\n<p>Les registres informatis\u00e9s, conserv\u00e9s dans les syst\u00e8mes informatiques du vendeur dans des conditions raisonnables de s\u00e9curit\u00e9, seront consid\u00e9r\u00e9s comme les preuves des communications, des commandes et des paiements intervenus entre les parties. L\u2019archivage des bons de commande et des factures est effectu\u00e9 sur un support fiable et durable pouvant \u00eatre produit \u00e0 titre de preuve.<\/p>\n<p><\/p>\n<p><strong>Article 8 \u2013 Informations sur les produits<\/strong><\/p>\n<p><\/p>\n<p>Les produits r\u00e9gis par les pr\u00e9sentes conditions g\u00e9n\u00e9rales sont ceux qui figurent sur le site internet du vendeur et qui sont indiqu\u00e9s comme vendus et exp\u00e9di\u00e9s par le vendeur. Ils sont propos\u00e9s dans la limite des stocks disponibles.<\/p>\n<p>Les photographies des produits ne sont pas contractuelles.<\/p>\n<p><\/p>\n<p><strong>Article 9 \u2013 Prix<\/strong><\/p>\n<p><\/p>\n<p>Le vendeur se r\u00e9serve le droit de modifier ses prix \u00e0 tout moment mais s\u2019engage \u00e0 appliquer les tarifs en vigueur indiqu\u00e9s au moment de la commande, sous r\u00e9serve de disponibilit\u00e9 \u00e0 cette date.<\/p>\n<p>Les prix sont indiqu\u00e9s en euros. Ils ne tiennent pas compte des frais de livraison, factur\u00e9s en suppl\u00e9ment, et indiqu\u00e9s avant la validation de la commande. Les prix tiennent compte de la TVA applicable au jour de la commande et tout changement du taux applicable TVA sera automatiquement r\u00e9percut\u00e9 sur le prix des produits de la boutique en ligne.<\/p>\n<p>Si une ou plusieurs taxes ou contributions, notamment environnementales, venaient \u00e0 \u00eatre cr\u00e9\u00e9es ou modifi\u00e9es, en hausse comme en baisse, ce changement pourra \u00eatre r\u00e9percut\u00e9 sur le prix de vente des produits.<\/p>\n<p><\/p>\n<p><strong>Article 10 \u2013 Mode de paiement<\/strong><\/p>\n<p><\/p>\n<p>Il s\u2019agit d\u2019une commande avec obligation de paiement, ce qui signifie que la passation de la commande implique un r\u00e8glement de l\u2019acheteur.<\/p>\n<p>Pour r\u00e9gler sa commande, l\u2019acheteur dispose, \u00e0 son choix, de l\u2019ensemble des modes de paiement mis \u00e0 sa disposition par le vendeur et list\u00e9s sur le site du vendeur. L\u2019acheteur garantit au vendeur qu\u2019il dispose des autorisations \u00e9ventuellement n\u00e9cessaires pour utiliser le mode de paiement choisi par lui, lors de la validation du bon de commande. Le vendeur se r\u00e9serve le droit de suspendre toute gestion de commande et toute livraison en cas de refus d\u2019autorisation de paiement par carte bancaire de la part des organismes officiellement accr\u00e9dit\u00e9s ou en cas de non-paiement. Le vendeur se r\u00e9serve notamment le droit de refuser d\u2019effectuer une livraison ou d\u2019honorer une commande \u00e9manant d\u2019un acheteur qui n\u2019aurait pas r\u00e9gl\u00e9 totalement ou partiellement une commande pr\u00e9c\u00e9dente ou avec lequel un litige de paiement serait en cours d\u2019administration.<\/p>\n<p>Le paiement du prix s\u2019effectue&nbsp;en totalit\u00e9 au jour de la commande, selon les modalit\u00e9s suivantes&nbsp;:<\/p>\n<p>\u2013 carte bancaire<\/p>\n<p>\u2013 paypal<\/p>\n<p>\u2013 virement bancaire<\/p>\n<p><\/p>\n<p><strong>Article 11 \u2013 Disponibilit\u00e9 des produits \u2013 Remboursement \u2013 R\u00e9solution<\/strong><\/p>\n<p><\/p>\n<p>Sauf en cas de force majeure ou lors des p\u00e9riodes de fermeture de la boutique en ligne qui seront clairement annonc\u00e9es sur la page d\u2019accueil du site, les d\u00e9lais d\u2019exp\u00e9dition seront, dans la limite des stocks disponibles, ceux indiqu\u00e9s ci-dessous. Les d\u00e9lais d\u2019exp\u00e9dition courent \u00e0 compter de la date de paiement de la commande indiqu\u00e9e sur le mail de confirmation de la commande.<\/p>\n<p>Pour les livraisons en France M\u00e9tropolitaine et en Corse, le d\u00e9lai de&nbsp;Livraison est d\u2019une semaine suivant le paiement, selon les modalit\u00e9s suivantes&nbsp;:&nbsp;UPS et DHL. Au plus tard, le d\u00e9lai sera de 30 jours ouvrables apr\u00e8s la conclusion du contrat.<\/p>\n<p>Pour les livraisons dans les DOM-TOM ou un autre pays, les modalit\u00e9s de livraison seront pr\u00e9cis\u00e9es \u00e0 l\u2019acheteur au cas par cas.<\/p>\n<p>En cas de non-respect de la date ou du d\u00e9lai de livraison convenu, l\u2019acheteur devra, avant de rompre le contrat, enjoindre au vendeur d\u2019ex\u00e9cuter celui-ci dans un d\u00e9lai suppl\u00e9mentaire raisonnable.<\/p>\n<p>\u00c0 d\u00e9faut d\u2019ex\u00e9cution \u00e0 l\u2019expiration de ce nouveau d\u00e9lai, l\u2019acheteur pourra librement rompre le contrat.<\/p>\n<p>L\u2019acheteur devra accomplir ces formalit\u00e9s successives par lettre recommand\u00e9e avec accus\u00e9 de r\u00e9ception ou par un \u00e9crit sur un autre support durable.<\/p>\n<p>Le contrat sera consid\u00e9r\u00e9 comme r\u00e9solu \u00e0 la r\u00e9ception par le vendeur de la lettre ou de l\u2019\u00e9crit l\u2019informant de cette r\u00e9solution, sauf si le professionnel s\u2019est ex\u00e9cut\u00e9 entre-temps.<\/p>\n<p>L\u2019acheteur pourra cependant r\u00e9soudre imm\u00e9diatement le contrat, si les dates ou d\u00e9lais vu ci-dessus constituent pour lui une condition essentielle du contrat.<\/p>\n<p>Dans ce cas, lorsque le contrat est r\u00e9solu, le vendeur est tenu de rembourser l\u2019acheteur de la totalit\u00e9 des sommes vers\u00e9es, au plus tard dans les&nbsp;&nbsp;14 jours&nbsp;&nbsp;suivant la date \u00e0 laquelle le contrat a \u00e9t\u00e9 d\u00e9nonc\u00e9.<\/p>\n<p>En cas d\u2019indisponibilit\u00e9 du produit command\u00e9, l\u2019acheteur en sera inform\u00e9 au plus t\u00f4t et aura la possibilit\u00e9 d\u2019annuler sa commande. L\u2019acheteur aura alors le choix de demander soit le remboursement des sommes vers\u00e9es dans les 14 jours au plus tard de leur versement, soit l\u2019\u00e9change du produit.<\/p>\n<p><\/p>\n<p><strong>Article 12 \u2013 Modalit\u00e9s de livraison<\/strong><\/p>\n<p><\/p>\n<p>La livraison s\u2019entend du transfert au consommateur de la possession physique ou du contr\u00f4le du bien. Les produits command\u00e9s sont livr\u00e9s selon les modalit\u00e9s et le d\u00e9lai pr\u00e9cis\u00e9s ci-dessus.<\/p>\n<p>Les produits sont livr\u00e9s \u00e0 l\u2019adresse indiqu\u00e9e par l\u2019acheteur sur le bon de commande, l\u2019acheteur devra veiller \u00e0 son exactitude. Tout colis renvoy\u00e9 au vendeur \u00e0 cause d\u2019une adresse de livraison erron\u00e9e ou incompl\u00e8te sera r\u00e9exp\u00e9di\u00e9 aux frais de l\u2019acheteur. L\u2019acheteur peut, \u00e0 sa demande, obtenir l\u2019envoi d\u2019une facture \u00e0 l\u2019adresse de facturation et non \u00e0 l\u2019adresse de livraison, en validant l\u2019option pr\u00e9vue \u00e0 cet effet sur le bon de commande.<\/p>\n<p>Si l\u2019acheteur est absent le jour de la livraison, le livreur laissera un avis de passage dans la bo\u00eete aux lettres, qui permettra de retirer le colis aux lieu et d\u00e9lai indiqu\u00e9s.<\/p>\n<p>Si au moment de la livraison, l\u2019emballage d\u2019origine est ab\u00eem\u00e9, d\u00e9chir\u00e9, ouvert, l\u2019acheteur doit alors v\u00e9rifier l\u2019\u00e9tat des articles. S\u2019ils ont \u00e9t\u00e9 endommag\u00e9s, l\u2019acheteur doit imp\u00e9rativement refuser le colis et noter une r\u00e9serve sur le bordereau de livraison (colis refus\u00e9 car ouvert ou endommag\u00e9).<\/p>\n<p>L\u2019acheteur doit indiquer sur le bon de livraison et sous forme de r\u00e9serves manuscrites accompagn\u00e9es de sa signature toute anomalie concernant la livraison (avarie, produit manquant par rapport au bon de livraison, colis endommag\u00e9, produits cass\u00e9s\u2026).<\/p>\n<p>Cette v\u00e9rification est consid\u00e9r\u00e9e comme effectu\u00e9e d\u00e8s lors que l\u2019acheteur, ou une personne autoris\u00e9e par lui, a sign\u00e9 le bon de livraison.<\/p>\n<p>L\u2019acheteur devra alors confirmer par courrier recommand\u00e9 ces r\u00e9serves au transporteur au plus tard dans les trois jours ouvrables suivant la r\u00e9ception du ou des articles et transmettre une copie de ce courrier par fax ou simple courrier au vendeur \u00e0 l\u2019adresse suivante&nbsp;: Ch\u00e2teau Maillard lieu dit Romanas, 33210 Maz\u00e9res. (Selon l\u2019article L133-3 du code de commerce).<br>Lorsque le voiturier ne justifie pas lui avoir laiss\u00e9 la possibilit\u00e9 de v\u00e9rifier effectivement leur bon \u00e9tat, le d\u00e9lai mentionn\u00e9 \u00e0 l\u2019article L. 133-3 du code de commerce est port\u00e9 \u00e0 dix jours.<\/p>\n<p>Si les produits n\u00e9cessitent d\u2019\u00eatre renvoy\u00e9s au vendeur, ils doivent faire l\u2019objet d\u2019une demande de retour aupr\u00e8s du vendeur dans les 14 jours suivant la r\u00e9ception du colis.<\/p>\n<p><\/p>\n<p><strong>Article 13 \u2013 Erreurs de livraison<\/strong><\/p>\n<p><\/p>\n<p>L\u2019acheteur devra formuler aupr\u00e8s du vendeur, toute r\u00e9clamation d\u2019erreur de livraison et\/ou de non-conformit\u00e9 des produits en nature ou en qualit\u00e9 par rapport aux indications figurant sur le bon de commande dans les 15 jours suivants la commande.<\/p>\n<p>La r\u00e9clamation pourra \u00eatre faite, au choix de l\u2019acheteur par mail, t\u00e9l\u00e9phone ou courrier \u00e9crit.<br>Toute r\u00e9clamation non effectu\u00e9e dans les r\u00e8gles d\u00e9finies ci-dessus et dans les d\u00e9lais impartis ne pourra \u00eatre prise en compte et d\u00e9gagera le vendeur de toute responsabilit\u00e9 vis-\u00e0-vis de l\u2019acheteur.<\/p>\n<p>\u00c0 r\u00e9ception de la r\u00e9clamation, le vendeur attribuera un num\u00e9ro d\u2019\u00e9change du ou des produit(s) concern\u00e9(s) et le communiquera par e-mail \u00e0 l\u2019acheteur. L\u2019\u00e9change d\u2019un produit ne peut avoir lieu qu\u2019apr\u00e8s l\u2019attribution du num\u00e9ro d\u2019\u00e9change.<\/p>\n<p>En cas d\u2019erreur de livraison ou d\u2019\u00e9change, tout produit \u00e0 \u00e9changer ou \u00e0 rembourser devra \u00eatre retourn\u00e9 au vendeur \u00e0 l\u2019adresse suivante&nbsp;:&nbsp;Ch\u00e2teau Maillard lieu dit Ramonas, 33210 Maz\u00e9res.<\/p>\n<p>Les frais de retour sont \u00e0 la charge du vendeur.<\/p>\n<p><\/p>\n<p><strong>Article 14 \u2013 Garantie des produits<\/strong><\/p>\n<p><\/p>\n<p><strong>14-1 Garantie l\u00e9gale de conformit\u00e9<\/strong><\/p>\n<p>Le vendeur est garant de la conformit\u00e9 du bien vendu au contrat, permettant \u00e0 l\u2019acheteur de formuler une demande au titre de la garantie l\u00e9gale de conformit\u00e9 pr\u00e9vue aux articles L. 217-4 et suivants du code de la consommation.<\/p>\n<p>En cas de mise en oeuvre de la garantie l\u00e9gale de conformit\u00e9, il est rappel\u00e9 que&nbsp;:<\/p>\n<p>\u2013 &nbsp;l\u2019acheteur b\u00e9n\u00e9ficie d\u2019un d\u00e9lai de 2 ans \u00e0 compter de la d\u00e9livrance du bien pour agir ;<\/p>\n<p>\u2013 &nbsp;l\u2019acheteur peut choisir entre la r\u00e9paration ou le remplacement du bien, sous r\u00e9serve des conditions de co\u00fbt pr\u00e9vues par l\u2019article L. 217-17 du code de la consommation ;<\/p>\n<p>\u2013 &nbsp;l\u2019acheteur n\u2019a pas \u00e0 apporter la preuve de la non-conformit\u00e9 du bien durant les 24 mois en cas de biens neufs (6 mois en cas de biens d\u2019occasion), suivant la d\u00e9livrance du bien.<\/p>\n<p><\/p>\n<p><strong>14-2 Garantie l\u00e9gales des vices cach\u00e9s<\/strong><\/p>\n<p>Conform\u00e9ment aux articles 1641 et suivants du code civil, le vendeur est garant des vices cach\u00e9s pouvant affecter le bien vendu. Il appartiendra \u00e0&nbsp;l\u2019acheteur de prouver&nbsp;que les vices existaient \u00e0 la vente du bien et&nbsp;sont de nature \u00e0&nbsp;rendre le bien impropre \u00e0 l\u2019usage auquel il est&nbsp;destin\u00e9. Cette garantie doit \u00eatre mise en oeuvre dans un d\u00e9lai de deux ans \u00e0 compter de la d\u00e9couverte du vice.<\/p>\n<p>L\u2019acheteur peut choisir entre la r\u00e9solution de la vente ou une r\u00e9duction du prix conform\u00e9ment \u00e0 l\u2019article 1644 du code civil.<\/p>\n<p><\/p>\n<p><strong>Article 15 \u2013 Droit de r\u00e9tractation&nbsp;<\/strong><\/p>\n<p><\/p>\n<p><u>Application du droit de r\u00e9tractation<\/u><\/p>\n<p>Selon l\u2019article L221-18 du Code de la consommation, &nbsp;l\u2019acheteur dispose d\u2019un d\u00e9lai de 14 jours&nbsp;\u00e0 compter de la date de livraison de sa commande, pour retourner tout article ne lui convenant pas et demander l\u2019\u00e9change ou le remboursement sans p\u00e9nalit\u00e9, \u00e0 l\u2019exception des frais de retour qui restent \u00e0 la charge de l\u2019acheteur.<\/p>\n<p>Les produits endommag\u00e9s, salis ou incomplets ne sont pas repris, sauf si leur d\u00e9pr\u00e9ciation r\u00e9sulte de manipulations n\u00e9cessaires pour \u00e9tablir la nature, les caract\u00e9ristiques et le bon \u00e9tat du bien .<\/p>\n<p>Le droit de r\u00e9tractation peut \u00eatre exerc\u00e9 en ligne, \u00e0 l\u2019aide du formulaire de r\u00e9tractation disponible sur ce site internet, ou dans le mail de validation de la commande.&nbsp;Dans ce cas, un accus\u00e9 de r\u00e9ception sur un support durable sera imm\u00e9diatement communiqu\u00e9 \u00e0 l\u2019acheteur. Tout autre mode de d\u00e9claration de r\u00e9tractation est accept\u00e9. Il doit \u00eatre d\u00e9nu\u00e9 d\u2019ambigu\u00eft\u00e9 et exprimer la volont\u00e9 de se r\u00e9tracter.<\/p>\n<p>En cas d\u2019exercice du droit de r\u00e9tractation dans le d\u00e9lai susvis\u00e9, sont rembours\u00e9s le prix du ou des produit(s) achet\u00e9(s) et les frais de livraison sont rembours\u00e9s.<\/p>\n<p>Les frais de retour sont \u00e0 la charge de l\u2019acheteur.<\/p>\n<p>L\u2019\u00e9change (sous r\u00e9serve de disponibilit\u00e9) ou le remboursement sera effectu\u00e9 dans un d\u00e9lai de&nbsp;15 jours, et au plus tard, dans le d\u00e9lai de 14 jours \u00e0 compter de la r\u00e9ception, par le vendeur, des produits retourn\u00e9s par l\u2019acheteur dans les conditions pr\u00e9vues ci-dessus.<\/p>\n<p><\/p>\n<p><u>Exceptions&nbsp;<\/u><\/p>\n<p>Selon l\u2019article L221-28 du Code de la consommation, le droit de r\u00e9tractation ne peut pas \u00eatre exerc\u00e9 pour les contrats&nbsp;:<br>\u2013 de fourniture de biens&nbsp;dont le prix d\u00e9pend de fluctuations sur le march\u00e9 financier \u00e9chappant au contr\u00f4le du professionnel et susceptibles de se produire pendant le d\u00e9lai de r\u00e9tractation ;<\/p>\n<p>\u2013 de fourniture de biens confectionn\u00e9s selon les sp\u00e9cifications du consommateur ou nettement personnalis\u00e9s ;<\/p>\n<p>\u2013 de fourniture de biens susceptibles de se d\u00e9t\u00e9riorer ou de se p\u00e9rimer rapidement ;<br>\u2013 de fourniture de biens qui ont \u00e9t\u00e9 descell\u00e9s par le consommateur apr\u00e8s la livraison et qui ne peuvent \u00eatre renvoy\u00e9s pour des raisons d\u2019hygi\u00e8ne ou de protection de la sant\u00e9 ;<br>\u2013 de fourniture de biens qui, apr\u00e8s avoir \u00e9t\u00e9 livr\u00e9s et de par leur nature, sont m\u00e9lang\u00e9s de mani\u00e8re indissociable avec d\u2019autres articles ;<br>\u2013 de fourniture de boissons alcoolis\u00e9es dont la livraison est diff\u00e9r\u00e9e au-del\u00e0 de trente jours et dont la valeur convenue \u00e0 la conclusion du contrat d\u00e9pend de fluctuations sur le march\u00e9 \u00e9chappant au contr\u00f4le du professionnel ;<br>\u2013 de travaux d\u2019entretien ou de r\u00e9paration \u00e0 r\u00e9aliser en urgence au domicile du consommateur et express\u00e9ment sollicit\u00e9s par lui, dans la limite des pi\u00e8ces de rechange et travaux strictement n\u00e9cessaires pour r\u00e9pondre \u00e0 l\u2019urgence ;<br>\u2013 de fourniture d\u2019enregistrements audio ou vid\u00e9o ou de logiciels informatiques lorsqu\u2019ils ont \u00e9t\u00e9 descell\u00e9s par le consommateur apr\u00e8s la livraison ;<br>\u2013 de fourniture d\u2019un journal, d\u2019un p\u00e9riodique ou d\u2019un magazine, sauf pour les contrats d\u2019abonnement \u00e0 ces publications ;<br>\u2013 de fourniture d\u2019un contenu num\u00e9rique non fourni sur un support mat\u00e9riel dont l\u2019ex\u00e9cution a commenc\u00e9 apr\u00e8s accord pr\u00e9alable expr\u00e8s du consommateur et renoncement expr\u00e8s \u00e0 son droit de r\u00e9tractation.<\/p>\n<p><\/p>\n<p><strong>Article 16 \u2013 Force majeure<\/strong><\/p>\n<p><\/p>\n<p>Toutes circonstances ind\u00e9pendantes de la volont\u00e9 des parties emp\u00eachant l\u2019ex\u00e9cution dans des conditions normales de leurs obligations sont consid\u00e9r\u00e9es comme des causes d\u2019exon\u00e9ration des obligations des parties et entra\u00eenent leur suspension.<\/p>\n<p>La partie qui invoque les circonstances vis\u00e9es ci-dessus doit avertir imm\u00e9diatement l\u2019autre partie de leur survenance, ainsi que de leur disparition.<\/p>\n<p>Seront consid\u00e9r\u00e9s comme cas de force majeure tous faits ou circonstances irr\u00e9sistibles, ext\u00e9rieurs aux parties, impr\u00e9visibles, in\u00e9vitables, ind\u00e9pendants de la volont\u00e9 des parties et qui ne pourront \u00eatre emp\u00each\u00e9s par ces derni\u00e8res, malgr\u00e9 tous les efforts raisonnablement possibles. De fa\u00e7on expresse, sont consid\u00e9r\u00e9s comme cas de force majeure ou cas fortuits, outre ceux habituellement retenus par la jurisprudence des cours et des tribunaux fran\u00e7ais&nbsp;: le blocage des moyens de transports ou d\u2019approvisionnements, tremblements de terre, incendies, temp\u00eates, inondations, foudre, l\u2019arr\u00eat des r\u00e9seaux de t\u00e9l\u00e9communication ou difficult\u00e9s propres aux r\u00e9seaux de t\u00e9l\u00e9communication externes aux clients.<\/p>\n<p>Les parties se rapprocheront pour examiner l\u2019incidence de l\u2019\u00e9v\u00e9nement et convenir des conditions dans lesquelles l\u2019ex\u00e9cution du contrat sera poursuivie. Si le cas de force majeure a une dur\u00e9e sup\u00e9rieure \u00e0 trois mois, les pr\u00e9sentes conditions g\u00e9n\u00e9rales pourront \u00eatre r\u00e9sili\u00e9es par la partie l\u00e9s\u00e9e.<\/p>\n<p><\/p>\n<p><strong>Article 17 \u2013 Propri\u00e9t\u00e9 intellectuelle<\/strong><\/p>\n<p><\/p>\n<p>Le contenu du site internet reste la propri\u00e9t\u00e9 du vendeur, seul titulaire des droits de propri\u00e9t\u00e9 intellectuelle sur ce contenu.<\/p>\n<p>Les acheteurs s\u2019engagent \u00e0 ne faire aucun usage de ce contenu ; toute reproduction totale ou partielle de ce contenu est strictement interdite et est susceptible de constituer un d\u00e9lit de contrefa\u00e7on.<\/p>\n<p><\/p>\n<p><strong>Article 18 \u2013 Informatiques et Libert\u00e9s<\/strong><\/p>\n<p><\/p>\n<p>Les donn\u00e9es nominatives fournies par l\u2019acheteur sont n\u00e9cessaires au traitement de sa commande et \u00e0 l\u2019\u00e9tablissement des factures.<\/p>\n<p>Elles peuvent \u00eatre communiqu\u00e9es aux partenaires du vendeur charg\u00e9s de l\u2019ex\u00e9cution, du traitement, de la gestion et du paiement des commandes.<\/p>\n<p>Le traitement des informations communiqu\u00e9es par l\u2019interm\u00e9diaire du site internet Ch\u00e2teau Maillard a fait l\u2019objet d\u2019une d\u00e9claration aupr\u00e8s de la CNIL.<\/p>\n<p>L\u2019acheteur dispose d\u2019un droit d\u2019acc\u00e8s permanent, de modification, de rectification et d\u2019opposition s\u2019agissant des informations le concernant. Ce droit peut \u00eatre exerc\u00e9 dans les conditions et selon les modalit\u00e9s d\u00e9finies sur le site&nbsp;Ch\u00e2teau Maillard.<\/p>\n<p><\/p>\n<p><strong>Article 19 \u2013 Non-validation partielle<\/strong><\/p>\n<p><\/p>\n<p>Si une ou plusieurs stipulations des pr\u00e9sentes conditions g\u00e9n\u00e9rales sont tenues pour non valides ou d\u00e9clar\u00e9es telles en application d\u2019une loi, d\u2019un r\u00e8glement ou \u00e0 la suite d\u2019une d\u00e9cision d\u00e9finitive d\u2019une juridiction comp\u00e9tente, les autres stipulations garderont toute leur force et leur port\u00e9e.<\/p>\n<p><\/p>\n<p><strong>Article 20 \u2013 Non-renonciation<\/strong><\/p>\n<p><\/p>\n<p>Le fait pour l\u2019une des parties de ne pas se pr\u00e9valoir d\u2019un manquement par l\u2019autre partie \u00e0 l\u2019une quelconque des obligations vis\u00e9es dans les pr\u00e9sentes conditions g\u00e9n\u00e9rales ne saurait \u00eatre interpr\u00e9t\u00e9 pour l\u2019avenir comme une renonciation \u00e0 l\u2019obligation en cause.<\/p>\n<p><\/p>\n<p><strong>Article 21 \u2013 Titre<\/strong><\/p>\n<p><\/p>\n<p>En cas de difficult\u00e9 d\u2019interpr\u00e9tation entre l\u2019un quelconque des titres figurant en t\u00eate des clauses, et l\u2019une quelconque des clauses, les titres seront d\u00e9clar\u00e9s inexistants.<\/p>\n<p><\/p>\n<p><strong>Article 22 \u2013 Langue du contrat<\/strong><\/p>\n<p><\/p>\n<p>Les pr\u00e9sentes conditions g\u00e9n\u00e9rales de vente sont r\u00e9dig\u00e9es en langue fran\u00e7aise. Dans le cas o\u00f9 elles seraient traduites en une ou plusieurs langues \u00e9trang\u00e8res, seul le texte fran\u00e7ais ferait foi en cas de litige.<\/p>\n<p><\/p>\n<p><strong>Article 23 \u2013 M\u00e9diation<\/strong><\/p>\n<p><strong><u>SERVICE DE MEDIATION A LA CONSOMMATION&nbsp;:<\/u><\/strong>&nbsp;Re\u0300glement amiable des litiges entre le professionnel et le consommateur conforme\u0301ment aux articles L611-1 a\u0300 L 641-1 et R 612-1 a\u0300 R 616-2 du Code de la consommation.<\/p>\n<p>En cas de litiges&nbsp;non re\u0301solu entre le Professionnel et le Consommateur, le consommateur peut saisir le me\u0301diateur de la consommation.<br><u>Avant de saisir le me\u0301diateur de la consommation, le consommateur doit de\u0301ja\u0300 avoir tente\u0301 de re\u0301soudre son litige directement aupre\u0300s du professionnel par une re\u0301clamation e\u0301crite ou avoir fait une re\u0301clamation<\/u>&nbsp;selon les termes du contrat conclu avec le professionnel.<\/p>\n<p>La me\u0301diation de la consommation est un re\u0300glement extrajudiciaire des litiges de la consommation.<\/p>\n<p>Si les conditions sont re\u0301unies, une me\u0301diation de la consommation se de\u0301roulera selon un processus pre\u0301cis et selon les textes en vigueur.<br>La proce\u0301dure est gratuite pour le consommateur (R612-1 du Code de la Consommation).<\/p>\n<p><strong><u>POUR SAISIR LE M\u00c9DIATEUR DE LA CONSOMMATION&nbsp;:<\/u><\/strong><\/p>\n<p><strong>Si aucun accord avec le professionnel suite \u00e0 r\u00e9clamation,<\/strong><\/p>\n<p>Re\u0300glement amiable des litiges entre le professionnel et le consommateur conforme\u0301ment aux articles L611-1 a\u0300 L 641-1 et R 612-1 a\u0300 R 616-2 du Code de la consommation (Conditions de recevabilit\u00e9). Proce\u0301dure gratuite pour le consommateur.<\/p>\n<p>MEDIATION \u2013 VIVONS MIEUX ENSEMBLE<\/p>\n<ul>\n<li>mediation-vivons-mieux-ensemble.fr<\/li>\n<li>465 avenue de la Libe\u0301ration 54 000 NANCY<\/li>\n<li>mediation@vivons-mieux-ensemble.fr<\/li>\n<\/ul>\n<p>\u2014-<\/p>\n<p>Plate-forme europe\u0301enne de re\u0301solution en ligne des litiges&nbsp;:<br><a href=\"https:\/\/ec.europa.eu\/consumers\/odr\/main\/index.cfm?event=main.home2.show&amp;lng=FR\">https:\/\/ec.europa.eu\/consumers\/odr\/main\/index.cfm?event=main.home.show&amp;lng=FR<\/a><\/p>\n<p>contact@chateaumaillard.com<\/p>\n<p><strong>Article 24 \u2013 Loi applicable<\/strong><\/p>\n<p><\/p>\n<p>Les pr\u00e9sentes conditions g\u00e9n\u00e9rales sont soumises \u00e0 l\u2019application du droit fran\u00e7ais. Le tribunal comp\u00e9tent est le tribunal d\u2019instance pour les litiges dont le montant est inf\u00e9rieur ou \u00e9gal \u00e0 10 000 \u20ac ou le tribunal de grande instance pour les litiges dont le montant est sup\u00e9rieur \u00e0 10 000 \u20ac.<\/p>\n<p>Il en est ainsi pour les r\u00e8gles de fond comme pour les r\u00e8gles de forme. En cas de litige ou de r\u00e9clamation, l\u2019acheteur s\u2019adressera en priorit\u00e9 au vendeur pour obtenir une solution amiable.<\/p>\n<p><\/p>\n<p><strong>Article 25&nbsp;\u2013 Protection des donn\u00e9es personnelles<\/strong><\/p>\n<p><\/p>\n<p><strong><u>Donn\u00e9es collect\u00e9es&nbsp;<\/u><\/strong><\/p>\n<p>Les donn\u00e9es \u00e0 caract\u00e8re personnel qui sont collect\u00e9es sur ce site&nbsp;sont les suivantes&nbsp;:<\/p>\n<p><strong>\u2013 ouverture de compte&nbsp;:&nbsp;<\/strong>lors de la cr\u00e9ation du compte de l\u2019utilisateur, ses&nbsp;nom ;&nbsp;pr\u00e9nom ;&nbsp;adresse \u00e9lectronique ;&nbsp;n\u00b0 de t\u00e9l\u00e9phone ;&nbsp;adresse postale ;<\/p>\n<p><strong>\u2013 connexion&nbsp;:&nbsp;<\/strong>lors de la connexion de l\u2019utilisateur au site web, celui-ci enregistre, notamment, ses nom, pr\u00e9nom, donn\u00e9es de connexion, d\u2019utilisation, de localisation et ses donn\u00e9es relatives au paiement ;<\/p>\n<p><strong>\u2013 profil&nbsp;:&nbsp;<\/strong>l\u2019utilisation des prestations pr\u00e9vues sur le site web&nbsp;permet de renseigner un profil, pouvant comprendre une adresse et un num\u00e9ro de t\u00e9l\u00e9phone ;<\/p>\n<p><strong>\u2013 paiement&nbsp;:&nbsp;<\/strong>dans le cadre du paiement des produits et prestations propos\u00e9s sur le site web, celui-ci enregistre des donn\u00e9es financi\u00e8res relatives au compte bancaire ou \u00e0 la carte de cr\u00e9dit de l\u2019utilisateur ;<\/p>\n<p><strong>\u2013 communication&nbsp;:&nbsp;<\/strong>lorsque le site web&nbsp;est utilis\u00e9&nbsp;pour communiquer avec d\u2019autres membres, les donn\u00e9es concernant les communications de l\u2019utilisateur font l\u2019objet d\u2019une conservation temporaire ;<\/p>\n<p><strong>\u2013 cookies&nbsp;:<\/strong>&nbsp;les cookies sont utilis\u00e9s, dans le cadre de l\u2019utilisation du site. L\u2019utilisateur a la possibilit\u00e9 de d\u00e9sactiver les cookies \u00e0 partir des param\u00e8tres de son navigateur.<\/p>\n<p><\/p>\n<p><strong><u>Utilisation des donn\u00e9es personnelles&nbsp;<\/u><\/strong><\/p>\n<p>Les donn\u00e9es personnelles collect\u00e9es aupr\u00e8s des utilisateurs ont pour objectif la mise \u00e0 disposition des services du site web, leur am\u00e9lioration et le maintien d\u2019un environnement s\u00e9curis\u00e9. Plus pr\u00e9cis\u00e9ment, les utilisations sont les suivantes&nbsp;:<\/p>\n<p>\u2013&nbsp;&nbsp;acc\u00e8s et utilisation du site web&nbsp;par l\u2019utilisateur&nbsp;;<\/p>\n<p>\u2013&nbsp;&nbsp;gestion du fonctionnement et optimisation du site web&nbsp;;<\/p>\n<p>\u2013&nbsp;&nbsp;organisation des conditions d\u2019utilisation des Services de paiement&nbsp;;<\/p>\n<p>\u2013&nbsp;&nbsp;v\u00e9rification, identification et authentification des donn\u00e9es transmises par l\u2019utilisateur&nbsp;;<\/p>\n<p>\u2013&nbsp;&nbsp;proposition \u00e0 l\u2019utilisateur de la possibilit\u00e9 de communiquer avec d\u2019autres utilisateurs du site web&nbsp;;<\/p>\n<p>\u2013&nbsp;&nbsp;mise en oeuvre d\u2019une assistance utilisateurs&nbsp;;<\/p>\n<p>\u2013&nbsp;&nbsp;personnalisation des services en affichant des publicit\u00e9s en fonction de l\u2019historique de navigation de l\u2019utilisateur, selon ses pr\u00e9f\u00e9rences&nbsp;;<\/p>\n<p>\u2013&nbsp;&nbsp;pr\u00e9vention et d\u00e9tection des fraudes, malwares (malicious softwares ou logiciels malveillants) et gestion des incidents de s\u00e9curit\u00e9&nbsp;;<\/p>\n<p>\u2013&nbsp;&nbsp;gestion des \u00e9ventuels litiges avec les utilisateurs&nbsp;;<\/p>\n<p>\u2013&nbsp;&nbsp;envoi d\u2019informations commerciales et publicitaires, en fonction des pr\u00e9f\u00e9rences de l\u2019utilisateur.<\/p>\n<p><strong><u>Partage des donn\u00e9es personnelles avec des tiers<\/u><\/strong><\/p>\n<p>Les donn\u00e9es personnelles peuvent \u00eatre partag\u00e9es avec des soci\u00e9t\u00e9s tierces, dans les cas suivants&nbsp;:<\/p>\n<p>\u2013&nbsp;&nbsp;lorsque&nbsp;l\u2019utilisateur utilise les services de paiement, pour la mise en oeuvre de ces services, le site web&nbsp;est en relation avec des soci\u00e9t\u00e9s bancaires et financi\u00e8res tierces avec lesquelles elle a pass\u00e9 des contrats&nbsp;;<\/p>\n<p>\u2013&nbsp;&nbsp;lorsque l\u2019utilisateur publie, dans les zones de commentaires libres du site web, des informations accessibles au public&nbsp;;<\/p>\n<p>\u2013&nbsp;&nbsp;lorsque&nbsp;l\u2019utilisateur autorise le site web d\u2019un tiers \u00e0 acc\u00e9der \u00e0 ses donn\u00e9es&nbsp;;<\/p>\n<p>\u2013&nbsp;&nbsp;lorsque&nbsp;le site web&nbsp;recourt aux services de prestataires pour fournir l\u2019assistance utilisateurs, la publicit\u00e9 et les services de paiement. Ces prestataires disposent d\u2019un acc\u00e8s limit\u00e9 aux donn\u00e9es de l\u2019utilisateur, dans le cadre de l\u2019ex\u00e9cution de ces prestations, et ont une obligation contractuelle de les utiliser en conformit\u00e9 avec les dispositions de la r\u00e9glementation applicable en mati\u00e8re protection des donn\u00e9es \u00e0 caract\u00e8re personnel&nbsp;;<\/p>\n<p>\u2013&nbsp;&nbsp;si la loi l\u2019exige, le site web&nbsp;peut effectuer la transmission de donn\u00e9es pour donner suite aux r\u00e9clamations pr\u00e9sent\u00e9es contre le site web&nbsp;et se conformer aux proc\u00e9dures administratives et judiciaires&nbsp;;<\/p>\n<p>\u2013&nbsp;&nbsp;si le site web&nbsp;est impliqu\u00e9e dans une op\u00e9ration de fusion, acquisition, cession d\u2019actifs ou proc\u00e9dure de redressement judiciaire, elle pourra \u00eatre amen\u00e9e \u00e0 c\u00e9der ou partager tout ou partie de ses actifs, y compris les donn\u00e9es \u00e0 caract\u00e8re personnel. Dans ce cas, les utilisateurs seraient inform\u00e9s, avant que les donn\u00e9es \u00e0 caract\u00e8re personnel ne soient transf\u00e9r\u00e9es \u00e0 une tierce partie.<\/p>\n<p><strong><u>S\u00e9curit\u00e9 et confidentialit\u00e9<\/u><\/strong><\/p>\n<p><\/p>\n<p>Le site web&nbsp;met en oeuvre des mesures organisationnelles, techniques, logicielles et physiques en mati\u00e8re de s\u00e9curit\u00e9 du num\u00e9rique pour prot\u00e9ger les donn\u00e9es personnelles contre les alt\u00e9rations, destructions et acc\u00e8s non autoris\u00e9s. Toutefois, il est \u00e0 signaler qu\u2019internet n\u2019est pas un environnement compl\u00e8tement s\u00e9curis\u00e9 et le site web&nbsp;ne peut pas garantir la s\u00e9curit\u00e9 de la transmission ou du stockage des informations sur internet.<\/p>\n<p><strong><u>Mise en oeuvre des droits des utilisateurs<\/u><\/strong><\/p>\n<p><\/p>\n<p>En application de la r\u00e9glementation applicable aux donn\u00e9es \u00e0 caract\u00e8re personnel, les utilisateurs disposent des droits suivants, qu\u2019ils peuvent exercer en faisant leur demande \u00e0 l\u2019adresse suivante&nbsp;:&nbsp;contact@chateaumaillard.com<\/p>\n<ul>\n<li>le droit d\u2019acc\u00e8s&nbsp;: ils peuvent exercer leur droit d\u2019acc\u00e8s, pour conna\u00eetre les donn\u00e9es personnelles les concernant.&nbsp;Dans ce cas, avant la mise en \u0153uvre de ce droit, le site web&nbsp;peut demander une preuve de l\u2019identit\u00e9 de l\u2019utilisateur afin d\u2019en v\u00e9rifier l\u2019exactitude.<\/li>\n<li>le droit de rectification&nbsp;: si les donn\u00e9es \u00e0 caract\u00e8re personnel d\u00e9tenues par le site web&nbsp;sont inexactes, ils peuvent demander la mise \u00e0 jour des informations.<\/li>\n<li>le droit de suppression des donn\u00e9es&nbsp;: les utilisateurs peuvent demander la suppression de leurs donn\u00e9es \u00e0 caract\u00e8re personnel, conform\u00e9ment aux lois applicables en mati\u00e8re de protection des donn\u00e9es.<\/li>\n<li>le droit \u00e0 la limitation du traitement&nbsp;: les utilisateurs peuvent de demander au site web&nbsp;de limiter le traitement des donn\u00e9es personnelles conform\u00e9ment aux hypoth\u00e8ses pr\u00e9vues par le RGPD.<\/li>\n<li>le droit de s\u2019opposer au traitement des donn\u00e9es&nbsp;: les utilisateurs peuvent s\u2019opposer \u00e0 ce que ses donn\u00e9es soient trait\u00e9es conform\u00e9ment aux hypoth\u00e8ses pr\u00e9vues par le RGPD.<\/li>\n<li>le droit \u00e0 la portabilit\u00e9&nbsp;: ils peuvent r\u00e9clamer que le site web&nbsp;leur remette les donn\u00e9es personnelles qui lui sont fournies pour les transmettre \u00e0 un nouveau site web.<\/li>\n<\/ul>\n<p><strong>Bloctel<\/strong><\/p>\n<p>Conform\u00e9ment aux articles L.223-1 et suivants du code de la consommation, si le Client ne souhaite plus \u00eatre d\u00e9march\u00e9 par t\u00e9l\u00e9phone sur le num\u00e9ro qu\u2019il avait communiqu\u00e9 au Vendeur, il peut inscrire \u00e0 tout moment ce num\u00e9ro de t\u00e9l\u00e9phone sur la liste d\u2019opposition au d\u00e9marchage t\u00e9l\u00e9phonique par Internet sur le site www.bloctel.gouv.fr ou par courrier en \u00e9crivant \u00e0&nbsp;: Soci\u00e9t\u00e9 Opposetel, Service Bloctel, 6 rue Nicolas Siret 10000 Troyes. Cette inscription est gratuite et valable trois ans. Toutefois, le Vendeur pourra contacter par t\u00e9l\u00e9phone le Client qui en aura express\u00e9ment fait la demande, pendant une p\u00e9riode librement fix\u00e9e par le Client ou \u00e0 d\u00e9faut, dans un d\u00e9lai de 3 mois \u00e0 compter de la date de la demande du Client.<\/p>\n<p><strong><u>Evolution de la pr\u00e9sente clause<\/u><\/strong><\/p>\n<p>Le site web&nbsp;se r\u00e9serve le droit d\u2019apporter toute modification \u00e0 la pr\u00e9sente clause relative \u00e0 la protection des donn\u00e9es \u00e0 caract\u00e8re personnel \u00e0 tout moment. Si une modification est apport\u00e9e \u00e0 la pr\u00e9sente clause de protection des donn\u00e9es \u00e0 caract\u00e8re personnel, le site web&nbsp;s\u2019engage \u00e0 publier la nouvelle version sur son site. Le site web&nbsp;informera \u00e9galement les utilisateurs de la modification par messagerie \u00e9lectronique, dans un d\u00e9lai minimum de 15&nbsp;jours avant la date d\u2019effet. Si l\u2019utilisateur n\u2019est pas d\u2019accord avec les termes de la nouvelle r\u00e9daction de la clause de protection des donn\u00e9es \u00e0 caract\u00e8re personnel, il a la possibilit\u00e9 de supprimer son compte.<\/p>\n<p><\/p>\n<p><strong>Annexe&nbsp;:&nbsp;<\/strong><\/p>\n<p><\/p>\n<p><strong>Formulaire de r\u00e9tractation&nbsp;<\/strong><\/p>\n<p>(\u00e0 compl\u00e9ter par le consommateur,<\/p>\n<p>dans le d\u00e9lai maximum de 14 jours suivant la date de conclusion du contrat de prestation)<\/p>\n<p><\/p>\n<table width=\"1200\">\n<tbody>\n<tr>\n<td>\n<p><strong>Formulaire de r\u00e9tractation<\/strong><\/p>\n<p><\/p>\n<p>\u00c0 l\u2019attention de&nbsp;:<\/p>\n<p>Ch\u00e2teau maillard<\/p>\n<p>situ\u00e9e \u00e0&nbsp;:&nbsp;lieu dit Ramonas, 33210 Maz\u00e9res<\/p>\n<p>n\u00b0 de t\u00e9l\u00e9phone&nbsp;:&nbsp;0556761540<\/p>\n<p>adresse mail&nbsp;:&nbsp;contact@chateaumaillard.com<\/p>\n<p><\/p>\n<p>Je vous notifie, par la pr\u00e9sente, ma r\u00e9tractation du contrat portant sur\u2026\u2026\u2026\u2026\u2026\u2026\u2026, command\u00e9e le&nbsp;:&nbsp;&nbsp;<em>\u2026\u2026\u2026<\/em><\/p>\n<p><\/p>\n<p>Pr\u00e9nom et nom du consommateur&nbsp;:&nbsp;<em>\u2026\u2026\u2026\u2026\u2026..<\/em><\/p>\n<p>Adresse du consommateur&nbsp;:&nbsp;<em>\u2026\u2026\u2026\u2026\u2026..<\/em><\/p>\n<p><\/p>\n<p>Date&nbsp;:&nbsp;<em>\u2026\u2026\u2026\u2026\u2026\u2026<\/em><\/p>\n<p><\/p>\n<p>Signature du consommateur<\/p>\n<p><\/p>\n<p><\/p>\n<p><\/p>\n<\/td>\n<\/tr>\n<\/tbody>\n<\/table>\n<p><\/p>\n<p><\/p>\n<p><strong>Annexe&nbsp;:<\/strong><\/p>\n<p><\/p>\n<p><strong>Code de la Consommation<\/strong><\/p>\n<p><\/p>\n<p><strong>Article L. 217-4&nbsp;<\/strong>: \u201cLe vendeur livre un bien conforme au contrat et r\u00e9pond des d\u00e9fauts de conformit\u00e9 existant lors de la d\u00e9livrance.<\/p>\n<p>Il r\u00e9pond \u00e9galement des d\u00e9fauts de conformit\u00e9 r\u00e9sultant de l\u2019emballage, des instructions de montage ou de l\u2019installation lorsque celle-ci a \u00e9t\u00e9 mise \u00e0 sa charge par le contrat ou a \u00e9t\u00e9 r\u00e9alis\u00e9e sous sa responsabilit\u00e9.\u201d<\/p>\n<p><\/p>\n<p><strong>Article L. 217-5&nbsp;<\/strong>: \u201cLe bien est conforme au contrat:<\/p>\n<p>1\u00b0&nbsp;S\u2019il est propre \u00e0 l\u2019usage habituellement attendu d\u2019un bien semblable et, le cas \u00e9ch\u00e9ant:<\/p>\n<p>\u2013 s\u2019il correspond \u00e0 la description donn\u00e9e par le vendeur et poss\u00e8de les qualit\u00e9s que celui-ci a pr\u00e9sent\u00e9es \u00e0 l\u2019acheteur sous forme d\u2019\u00e9chantillon ou de mod\u00e8le;<\/p>\n<p>\u2013 s\u2019il pr\u00e9sente les qualit\u00e9s qu\u2019un acheteur peut l\u00e9gitimement attendre eu \u00e9gard aux d\u00e9clarations publiques faites par le vendeur, par le producteur ou par son repr\u00e9sentant, notamment dans la publicit\u00e9 ou l\u2019\u00e9tiquetage;<\/p>\n<p>2\u00b0&nbsp;Ou s\u2019il pr\u00e9sente les caract\u00e9ristiques d\u00e9finies d\u2019un commun accord par les parties ou est propre \u00e0 tout usage sp\u00e9cial recherch\u00e9 par l\u2019acheteur, port\u00e9 \u00e0 la connaissance du vendeur et que ce dernier a accept\u00e9.\u201d<\/p>\n<p><\/p>\n<p><strong>Article L. 217-6&nbsp;<\/strong>: \u201cLe vendeur n\u2019est pas tenu par les d\u00e9clarations publiques du producteur ou de son repr\u00e9sentant s\u2019il est \u00e9tabli qu\u2019il ne les connaissait pas et n\u2019\u00e9tait l\u00e9gitimement pas en mesure de les conna\u00eetre\u201d.<\/p>\n<p><\/p>\n<p><strong>Article L. 217-7&nbsp;<\/strong>: \u201cLes d\u00e9fauts de conformit\u00e9 qui apparaissent dans un d\u00e9lai de vingt-quatre mois \u00e0 partir de la d\u00e9livrance du bien sont pr\u00e9sum\u00e9s exister au moment de la d\u00e9livrance, sauf preuve contraire. Pour les biens vendus d\u2019occasion, ce d\u00e9lai est fix\u00e9 \u00e0 six mois. Le vendeur peut combattre cette pr\u00e9somption si celle-ci n\u2019est pas compatible avec la nature du bien ou le d\u00e9faut de conformit\u00e9 invoqu\u00e9.\u201d<\/p>\n<p><\/p>\n<p><strong>Article L. 217-8&nbsp;<\/strong>: \u201cL\u2019acheteur est en droit d\u2019exiger la conformit\u00e9 du bien au contrat. Il ne peut cependant contester la conformit\u00e9 en invoquant un d\u00e9faut qu\u2019il connaissait ou ne pouvait ignorer lorsqu\u2019il a contract\u00e9. Il en va de m\u00eame lorsque le d\u00e9faut a son origine dans les mat\u00e9riaux qu\u2019il a lui-m\u00eame fournis.\u201d<\/p>\n<p><\/p>\n<p><strong>Article L. 217-9&nbsp;<\/strong>: \u201cEn cas de d\u00e9faut de conformit\u00e9, l\u2019acheteur choisit entre la r\u00e9paration et le remplacement du bien. Toutefois, le vendeur peut ne pas proc\u00e9der selon le choix de l\u2019acheteur si ce choix entra\u00eene un co\u00fbt manifestement disproportionn\u00e9 au regard de l\u2019autre modalit\u00e9, compte tenu de la valeur du bien ou de l\u2019importance du d\u00e9faut. Il est alors tenu de proc\u00e9der, sauf impossibilit\u00e9, selon la modalit\u00e9 non choisie par l\u2019acheteur.\u201d<\/p>\n<p><\/p>\n<p><strong>Article L. 217-10&nbsp;<\/strong>: \u201cSi la r\u00e9paration et le remplacement du bien sont impossibles, l\u2019acheteur peut rendre le bien et se faire restituer le prix ou garder le bien et se faire rendre une partie du prix. La m\u00eame facult\u00e9 lui est ouverte&nbsp;: 1\u00b0 Si la solution demand\u00e9e, propos\u00e9e ou convenue en application de l\u2019article L. 217-9 ne peut \u00eatre mise en \u0153uvre dans le d\u00e9lai d\u2019un mois suivant la r\u00e9clamation de l\u2019acheteur ; 2\u00b0 Ou si cette solution ne peut l\u2019\u00eatre sans inconv\u00e9nient majeur pour celui-ci compte tenu de la nature du bien et de l\u2019usage qu\u2019il recherche. La r\u00e9solution de la vente ne peut toutefois \u00eatre prononc\u00e9e si le d\u00e9faut de conformit\u00e9 est mineur.\u201d<\/p>\n<p><\/p>\n<p><strong>Article L. 217-11&nbsp;<\/strong>: L\u2019application des dispositions des articles L. 217-9 et L. 217-10 a lieu sans aucun frais pour l\u2019acheteur. Ces m\u00eames dispositions ne font pas obstacle \u00e0 l\u2019allocation de dommages et int\u00e9r\u00eats.<\/p>\n<p><\/p>\n<p><strong>Article L. 217-12&nbsp;<\/strong>: \u201cL\u2019action r\u00e9sultant du d\u00e9faut de conformit\u00e9 se prescrit par deux ans \u00e0 compter de la d\u00e9livrance du bien.\u201d<\/p>\n<p><\/p>\n<p><strong>Article L. 217-13&nbsp;<\/strong>: \u00ab&nbsp;les dispositions de la pr\u00e9sente section ne privent pas l\u2019acheteur du droit d\u2019exercer l\u2019action r\u00e9sultant des vices r\u00e9dhibitoires telle qu\u2019elle r\u00e9sulte des articles 1641 \u00e0 1649 du code civil ou toute autre action de nature contractuelle ou extracontractuelle qui lui est reconnue par la loi.&nbsp;\u00bb<\/p>\n<p><\/p>\n<p><strong>Article L. 217-14&nbsp;<\/strong>: \u00ab&nbsp;L\u2019action r\u00e9cursoire peur \u00eatre exerc\u00e9e par le vendeur final \u00e0 l\u2019encontre des vendeurs ou interm\u00e9diaires successifs et du producteur du bien meuble corporel, selon les principes du code civil.<\/p>\n<p><\/p>\n<p><strong>Article L. 217-15&nbsp;<\/strong>: \u00ab&nbsp;La garantie commerciale s\u2019entend de tout engagement contractuel d\u2019un professionnel \u00e0 l\u2019\u00e9gard du consommateur en vue du remboursement du prix d\u2019achat, du remplacement ou de la r\u00e9paration du bien ou de la prestation de tout autre service en relation avec le bien, en sus de ses obligations l\u00e9gales visant \u00e0 garantir la conformit\u00e9 du bien.<br>La garantie commerciale fait l\u2019objet d\u2019un contrat \u00e9crit, dont un exemplaire est remis \u00e0 l\u2019acheteur.<br>Le contrat pr\u00e9cise le contenu de la garantie, les modalit\u00e9s de sa mise en \u0153uvre, son prix, sa dur\u00e9e, son \u00e9tendue territoriale ainsi que le nom et l\u2019adresse du garant.<br>En outre, il mentionne de fa\u00e7on claire et pr\u00e9cise que, ind\u00e9pendamment de la garantie commerciale, le vendeur reste tenu de la garantie l\u00e9gale de conformit\u00e9 mentionn\u00e9e aux articles L. 217-4 \u00e0 L. 217-12&nbsp;et de celle relative aux d\u00e9fauts de la chose vendue, dans les conditions pr\u00e9vues aux articles 1641 \u00e0 1648&nbsp;et 2232 du code civil.<br>Les dispositions des articles L. 217-4, L. 217-5, L. 217-12 et L. 217-16&nbsp;ainsi que l\u2019article 1641 et le premier alin\u00e9a de l\u2019article 1648 du code civil sont int\u00e9gralement reproduites dans le contrat.<br>En cas de non-respect de ces dispositions, la garantie demeure valable. L\u2019acheteur est en droit de s\u2019en pr\u00e9valoir.&nbsp;\u00bb<\/p>\n<p><\/p>\n<p><strong>Article L. 217-16&nbsp;<\/strong>: \u201cLorsque l\u2019acheteur demande au vendeur, pendant le cours de la garantie commerciale qui lui a \u00e9t\u00e9 consentie lors de l\u2019acquisition ou de la r\u00e9paration d\u2019un bien meuble, une remise en \u00e9tat couverte par la garantie, toute p\u00e9riode d\u2019immobilisation d\u2019au moins sept jours vient s\u2019ajouter \u00e0 la dur\u00e9e de la garantie qui restait \u00e0 courir.<\/p>\n<p>Cette p\u00e9riode court \u00e0 compter de la demande d\u2019intervention de l\u2019acheteur ou de la mise \u00e0 disposition pour r\u00e9paration du bien en cause, si cette mise \u00e0 disposition est post\u00e9rieure \u00e0 la demande d\u2019intervention.\u201d<\/p>\n<p><\/p>\n<p><strong>Code civil<\/strong><\/p>\n<p><\/p>\n<p><strong>Article 1641&nbsp;<\/strong>: \u201cLe vendeur est tenu de la garantie \u00e0 raison des d\u00e9fauts cach\u00e9s de la chose vendue qui la rendent impropre \u00e0 l\u2019usage auquel on la destine, ou qui diminuent tellement cet usage, que l\u2019acheteur ne l\u2019aurait pas acquise, ou n\u2019en aurait donn\u00e9 qu\u2019un moindre prix, s\u2019il les avait connus.\u201d<\/p>\n<p><\/p>\n<p><strong>Article 1648&nbsp;<\/strong>: \u201cL\u2019action r\u00e9sultant des vices r\u00e9dhibitoires doit \u00eatre intent\u00e9e par l\u2019acqu\u00e9reur, dans un d\u00e9lai de deux ans \u00e0 compter de la d\u00e9couverte du vice. Dans le cas pr\u00e9vu par l\u2019article 1642-1, l\u2019action doit \u00eatre introduite, \u00e0 peine de forclusion, dans l\u2019ann\u00e9e qui suit la date \u00e0 laquelle le vendeur peut \u00eatre d\u00e9charg\u00e9 des vices ou des d\u00e9fauts de conformit\u00e9 apparents.<\/p>\n<p>Protection des mineurs<\/p>\n<p>L\u2019article L. 3342-1 du Code de la Sant\u00e9 Publique stipule que la vente d\u2019alcool est interdite aux mineurs de moins de 18 ans. En passant commande sur le site de www.chateaumaillard.com et en renseignant la case adapt\u00e9e, l\u2019acheteur s\u2019engage \u00e0 avoir au moins l\u2019\u00e2ge l\u00e9gal requis \u00e0 la date de la commande.<\/p>\n<p>Le &nbsp;Ch\u00e2teau Maillard&nbsp;garantie l\u2019usage strictement interne des informations concernant ses clients.<\/p>\n<p>Les photos pr\u00e9sent\u00e9es sur le site ne sont pas contractuelles. Le Chateau Maillard ne saurait \u00eatre engag\u00e9 en cas d\u2019erreur involontaire sur les informations publi\u00e9es sur son site.<\/p>\n<p>Tout litige survenu lors de l\u2019ex\u00e9cution de la vente sera soumis au Droit Fran\u00e7ais. La juridiction comp\u00e9tente sera celle de Bordeaux.<\/p>\n<p>\u00a9&nbsp;2011\u20132020 \u00b7&nbsp;<a href=\"https:\/\/www.blanville.com\/\">Ch\u00e2teau Haut-Blanville \u2014 Grands Vins du Languedoc<\/a>&nbsp;\u00b7 R\u00e9alisation&nbsp;<a href=\"http:\/\/www.e-colibri.com\/\">E-Colibri<\/a>&nbsp;\u00b7<\/p>\n<ul>\n<li><a href=\"https:\/\/www.blanville.com\/mentions-legales\/\">Mentions l\u00e9gales<\/a><\/li>\n<li><a href=\"https:\/\/www.blanville.com\/boutique\/cgv\/\">CGV<\/a><\/li>\n<\/ul>\n<p>L&rsquo;abus d&rsquo;alcool est dangereux pour la sant\u00e9, \u00e0 consommer avec mod\u00e9ration.<\/p>\n<p><\/p>\n<p>Pour toute information compl\u00e9mentaire sur la protection des donn\u00e9es personnelles, nous vous invitons \u00e0 consulter le site&nbsp;:&nbsp;https:\/\/www.cnil.fr\/<\/p>\n<p>La version actuellement en ligne de ces conditions d\u2019utilisation est la seule opposable pendant toute la dur\u00e9e d\u2019utilisation du site et jusqu\u2019\u00e0 ce qu\u2019une nouvelle version la remplace.<\/p>\n<p>Derni\u00e8re mise \u00e0 jour&nbsp;: le 21.02.2019<\/p>\n<p><b>Article 1 \u2013 Mentions&nbsp;l\u00e9gales<\/b><\/p>\n<p>1.1&nbsp;Site (ci-apr\u00e8s \u00ab&nbsp;le site&nbsp;\u00bb)&nbsp;: &nbsp;Ch\u00e2teau Maillard<\/p>\n<p>1.2&nbsp;\u00c9diteur (ci-apr\u00e8s \u00ab&nbsp;l\u2019\u00e9diteur&nbsp;\u00bb)&nbsp;:<\/p>\n<p>Ch\u00e2teau Maillard,&nbsp;au capital de&nbsp;&nbsp;2 846 106 \u20ac,<br>situ\u00e9 \u00e0 Maz\u00e9res, lieu dit de Ramonas 33210 Maz\u00e9res<br>repr\u00e9sent\u00e9e par&nbsp;Bruno David, en sa qualit\u00e9 de&nbsp;Pr\u00e9sident,<br>immatricul\u00e9e au RCS de&nbsp; Bordeaux 392 421 079 00014,<br>n\u00b0 de t\u00e9l\u00e9phone&nbsp;:&nbsp;0556761540,<br>adresse mail&nbsp;:&nbsp;contact@chateaumaillard.com,<\/p>\n<p><b style=\"font-size: inherit; text-align: inherit; font-family: var( --e-global-typography-text-font-family ); font-style: var(--fontStyle, inherit); letter-spacing: var(--letterSpacing); text-transform: var(--textTransform);\">Article 2 \u2013&nbsp;Acc\u00e8s au site<\/b><\/p>\n<p>L\u2019acc\u00e8s au site et son utilisation sont r\u00e9serv\u00e9s \u00e0 un usage strictement personnel. Vous vous engagez \u00e0 ne pas utiliser ce site et les informations ou donn\u00e9es qui y figurent \u00e0 des fins commerciales, politiques, publicitaires et pour toute forme de sollicitation commerciale et notamment l\u2019envoi de courriers \u00e9lectroniques non sollicit\u00e9s.<\/p>\n<p><b>Article 3 \u2013&nbsp;Contenu du site<\/b><\/p>\n<p>Toutes les marques, photographies, textes, commentaires, illustrations, images anim\u00e9es ou non, s\u00e9quences vid\u00e9o, sons, ainsi que toutes les applications informatiques qui pourraient \u00eatre utilis\u00e9es pour faire fonctionner ce site et plus g\u00e9n\u00e9ralement tous les \u00e9l\u00e9ments reproduits ou utilis\u00e9s sur le site sont prot\u00e9g\u00e9s par les lois en vigueur au titre de la propri\u00e9t\u00e9 intellectuelle.<br>Ils sont la propri\u00e9t\u00e9 pleine et enti\u00e8re de l\u2019\u00e9diteur ou de ses partenaires. Toute reproduction, repr\u00e9sentation, utilisation ou adaptation, sous quelque forme que ce soit, de tout ou partie de ces \u00e9l\u00e9ments, y compris les applications informatiques, sans l\u2019accord pr\u00e9alable et \u00e9crit de l\u2019\u00e9diteur, sont strictement interdites. Le fait pour l\u2019\u00e9diteur de ne pas engager de proc\u00e9dure d\u00e8s la prise de connaissance de ces utilisations non autoris\u00e9es ne vaut pas acceptation desdites utilisations et renonciation aux poursuites.<\/p>\n<p><b>Article 4 \u2013&nbsp;Gestion du site<\/b><\/p>\n<p>Pour la bonne gestion du site, l\u2019\u00e9diteur pourra \u00e0 tout moment&nbsp;:<br>\u2013&nbsp;suspendre, interrompre ou limiter l\u2019acc\u00e8s \u00e0 tout ou partie du site, r\u00e9server l\u2019acc\u00e8s au site, ou \u00e0 certaines parties du site, \u00e0 une cat\u00e9gorie d\u00e9termin\u00e9e d\u2019internautes ;<br>\u2013&nbsp;supprimer toute information pouvant en perturber le fonctionnement ou entrant en contravention avec les lois nationales ou internationales, ou avec les r\u00e8gles de la N\u00e9tiquette&nbsp;;<br>\u2013&nbsp;suspendre le site afin de proc\u00e9der \u00e0 des mises \u00e0 jour.<\/p>\n<p><b>Article 5 \u2013&nbsp;Responsabilit\u00e9s<\/b><\/p>\n<p>La responsabilit\u00e9 de l\u2019\u00e9diteur ne peut \u00eatre engag\u00e9e en cas de d\u00e9faillance, panne, difficult\u00e9 ou interruption de fonctionnement, emp\u00eachant l\u2019acc\u00e8s au site ou \u00e0 une de ses fonctionnalit\u00e9s.<br>Le mat\u00e9riel de connexion au site que vous utilisez est sous votre enti\u00e8re responsabilit\u00e9. Vous devez prendre toutes les mesures appropri\u00e9es pour prot\u00e9ger votre mat\u00e9riel et vos propres donn\u00e9es notamment d\u2019attaques virales par Internet. Vous \u00eates par ailleurs&nbsp;seul responsable des sites et donn\u00e9es que vous consultez.<\/p>\n<p>L\u2019\u00e9diteur ne pourra \u00eatre tenu responsable en cas de poursuites judiciaires \u00e0 votre encontre&nbsp;:<br>\u2013&nbsp;&nbsp;du fait de l\u2019usage du site ou de tout service accessible&nbsp;via&nbsp;Internet&nbsp;;<br>\u2013&nbsp;&nbsp;du fait du non-respect par vous des pr\u00e9sentes conditions g\u00e9n\u00e9rales.<\/p>\n<p>L\u2019\u00e9diteur n\u2019est pas responsable des dommages caus\u00e9s \u00e0 vous-m\u00eame, \u00e0 des tiers et\/ou \u00e0 votre \u00e9quipement du fait de votre connexion ou de votre utilisation du site et vous renoncez \u00e0 toute action contre lui de ce fait.<br>Si l\u2019\u00e9diteur venait \u00e0 faire l\u2019objet d\u2019une proc\u00e9dure amiable ou judiciaire \u00e0 raison de votre utilisation du site, il pourra se retourner contre vous pour obtenir l\u2019indemnisation de tous les pr\u00e9judices, sommes, condamnations et frais qui pourraient d\u00e9couler de cette proc\u00e9dure.<\/p>\n<p><b>Article 6 \u2013&nbsp;Liens hypertextes<\/b><\/p>\n<p>La mise en place par les utilisateurs&nbsp;de tous liens hypertextes vers tout ou partie du site&nbsp;est autoris\u00e9e par l\u2019\u00e9diteur. Tout lien devra \u00eatre retir\u00e9 sur simple demande de l\u2019\u00e9diteur.<br>Toute information accessible&nbsp;via&nbsp;un lien vers d\u2019autres sites n\u2019est pas publi\u00e9 par l\u2019\u00e9diteur. L\u2019\u00e9diteur ne dispose d\u2019aucun droit sur le contenu pr\u00e9sent dans ledit lien.<\/p>\n<p><b>Article 7 \u2013&nbsp;Collecte et protection&nbsp;des donn\u00e9es<\/b><\/p>\n<p>Vos donn\u00e9es sont collect\u00e9es par&nbsp;&nbsp;le ch\u00e2teau Maillard.Une donn\u00e9e \u00e0 caract\u00e8re personnel d\u00e9signe toute information concernant une personne physique identifi\u00e9e ou identifiable (personne concern\u00e9e); est r\u00e9put\u00e9e&nbsp;identifiable une personne qui peut \u00eatre identifi\u00e9e, directement ou indirectement, notamment par r\u00e9f\u00e9rence \u00e0 un nom, un num\u00e9ro d\u2019identification ou \u00e0 un ou plusieurs \u00e9l\u00e9ments sp\u00e9cifiques, propres \u00e0 son identit\u00e9 physique, physiologique, g\u00e9n\u00e9tique, psychique, \u00e9conomique, culturelle ou sociale.<br>Les informations personnelles pouvant \u00eatre recueillies sur le site sont principalement utilis\u00e9es par l\u2019\u00e9diteur pour la gestion des relations avec vous, et le cas \u00e9ch\u00e9ant pour le traitement de vos commandes.<\/p>\n<p>Les donn\u00e9es personnelles collect\u00e9es sont les suivantes:<br>\u2013 Nom et pr\u00e9nom<br>\u2013 Adresse<br>\u2013 Adresse mail<br>\u2013 Num\u00e9ro de t\u00e9l\u00e9phone<\/p>\n<p>\u2013 Donn\u00e9es financi\u00e8res: dans le cadre du paiement des produits et prestations propos\u00e9s sur la Plateforme, celle-ci enregistre des donn\u00e9es financi\u00e8res relatives \u00e0 la carte de cr\u00e9dit de l\u2019utilisateur.<\/p>\n<p><b>Article 8 \u2013 Droit d\u2019acc\u00e8s, de rectification et de d\u00e9r\u00e9f\u00e9rencement de vos donn\u00e9es<\/b><\/p>\n<p>En application de la r\u00e9glementation applicable aux donn\u00e9es \u00e0 caract\u00e8re personnel, les utilisateurs disposent des droits suivants&nbsp;:<br>\u00b7 Le droit d\u2019acc\u00e8s&nbsp;: ils peuvent exercer leur droit d\u2019acc\u00e8s, pour conna\u00eetre les donn\u00e9es personnelles les concernant, en \u00e9crivant \u00e0 l\u2019adresse \u00e9lectronique suivante. Dans ce cas, avant la mise en \u0153uvre de ce droit, la Plateforme peut demander une preuve de l\u2019identit\u00e9 de l\u2019utilisateur afin d\u2019en v\u00e9rifier l\u2019exactitude.<br>\u00b7 Le droit de rectification&nbsp;: si les donn\u00e9es \u00e0 caract\u00e8re personnel d\u00e9tenues par la Plateforme sont inexactes, ils peuvent demander la mise \u00e0 jour des informations.<br>\u00b7 Le droit de suppression des donn\u00e9es&nbsp;: les utilisateurs peuvent demander la suppression de leurs donn\u00e9es \u00e0 caract\u00e8re personnel, conform\u00e9ment aux lois applicables en mati\u00e8re de protection des donn\u00e9es.<br>\u00b7 Le droit \u00e0 la limitation du traitement&nbsp;: les utilisateurs peuvent de demander \u00e0 la Plateforme de limiter le traitement des donn\u00e9es personnelles conform\u00e9ment aux hypoth\u00e8ses pr\u00e9vues par le RGPD.<br>\u00b7 Le droit de s\u2019opposer au traitement des donn\u00e9es&nbsp;: les utilisateurs peuvent s\u2019opposer \u00e0 ce que ses donn\u00e9es soient trait\u00e9es conform\u00e9ment aux hypoth\u00e8ses pr\u00e9vues par le RGPD.<br>\u00b7 Le droit \u00e0 la portabilit\u00e9&nbsp;: ils peuvent r\u00e9clamer que la Plateforme leur remet les donn\u00e9es personnelles qui lui ont fourni pour les transmettre \u00e0 une nouvelle Plateforme.<br>Vous pouvez exercer ce droit en nous contactant, \u00e0 l\u2019adresse suivante&nbsp;:<\/p>\n<p>Ou par email, \u00e0 l\u2019adresse&nbsp;:<\/p>\n<p>Toute demande doit \u00eatre accompagn\u00e9e de la photocopie d\u2019un titre d\u2019identit\u00e9 en cours de validit\u00e9 sign\u00e9 et faire mention de l\u2019adresse \u00e0 laquelle l\u2019\u00e9diteur pourra contacter le demandeur. La r\u00e9ponse sera adress\u00e9e dans le mois suivant la r\u00e9ception de la demande. Ce&nbsp;d\u00e9lai d\u2019un mois peut \u00eatre prolong\u00e9 de deux mois si la complexit\u00e9 de la demande et\/ou le nombre de demandes l\u2019exigent.<\/p>\n<p>De plus, et depuis la loi n\u00b02016-1321 du 7 octobre 2016, les personnes qui le souhaitent, ont la possibilit\u00e9 d\u2019organiser le sort de leurs donn\u00e9es apr\u00e8s leur d\u00e9c\u00e8s. Pour plus d\u2019information sur le sujet, vous pouvez consulter le site Internet de la CNIL&nbsp;:&nbsp;https:\/\/www.cnil.fr\/.<\/p>\n<p>Les utilisateurs peuvent aussi introduire une r\u00e9clamation aupr\u00e8s de la CNIL sur le site de la CNIL&nbsp;:&nbsp;https:\/\/www.cnil.fr.<\/p>\n<p>Nous vous recommandons de de nous contacter un premier temps le contact au sein de la Plateforme avant de d\u00e9poser une r\u00e9clamation aupr\u00e8s de la CNIL, car nous sommes \u00e0 votre enti\u00e8re disposition pour r\u00e9gler votre probl\u00e8me.<\/p>\n<p><b>Article 9 \u2013 Utilisation des donn\u00e9es<\/b><\/p>\n<p>Les donn\u00e9es personnelles collect\u00e9es aupr\u00e8s des utilisateurs ont pour objectif la mise \u00e0 disposition des services de la Plateforme, leur am\u00e9lioration et le maintien d\u2019un environnement s\u00e9curis\u00e9. La base l\u00e9gale des traitements est&nbsp;l\u2019ex\u00e9cution du contrat entre l\u2019utilisateur et la Plateforme. Plus pr\u00e9cis\u00e9ment, les utilisations sont les suivantes&nbsp;:<\/p>\n<p>\u2013 acc\u00e8s et utilisation de la Plateforme par l\u2019utilisateur&nbsp;;<br>\u2013 gestion du fonctionnement et optimisation de la Plateforme&nbsp;;<br>\u2013 mise en \u0153uvre d\u2019une assistance utilisateurs&nbsp;;<br>\u2013 v\u00e9rification, identification et authentification des donn\u00e9es transmises par l\u2019utilisateur&nbsp;;<br>\u2013 personnalisation des services en affichant des publicit\u00e9s en fonction de l\u2019historique de navigation de l\u2019utilisateur, selon ses pr\u00e9f\u00e9rences&nbsp;;<br>\u2013 pr\u00e9vention et d\u00e9tection des fraudes, malwares (malicious softwares ou logiciels malveillants) et gestion des incidents de s\u00e9curit\u00e9&nbsp;;<br>\u2013 gestion des \u00e9ventuels litiges avec les utilisateurs&nbsp;;<br>\u2013 envoi d\u2019informations commerciales et publicitaires, en fonction des pr\u00e9f\u00e9rences de l\u2019utilisateur ;<br>\u2013 organisation des conditions d\u2019utilisation des Services de paiement.<\/p>\n<p><b>Article 10 \u2013 Politique de conservation des donn\u00e9es<\/b><\/p>\n<p>La Plateforme conserve vos donn\u00e9es pour la dur\u00e9e n\u00e9cessaire pour vous fournir ses services ou de vous fournir une assistance.<br>Dans la mesure raisonnablement n\u00e9cessaire ou requise pour satisfaire aux obligations l\u00e9gales ou r\u00e9glementaires, r\u00e9gler des litiges, emp\u00eacher les fraudes et abus ou appliquer nos modalit\u00e9s et conditions, nous pouvons \u00e9galement conserver certaines de vos informations si n\u00e9cessaire, m\u00eame apr\u00e8s que vous ayez ferm\u00e9 votre compte ou que nous n\u2019avons plus besoin pour vous fournir des services.<\/p>\n<p><b>Article 11- Partage des donn\u00e9es personnelles avec des tiers<\/b><\/p>\n<p>Les donn\u00e9es personnelles peuvent \u00eatre partag\u00e9es avec des soci\u00e9t\u00e9s tierces exclusivement dans l\u2019Union europ\u00e9enne, dans les cas suivants&nbsp;:<br>\u2013 quand l\u2019utilisateur utilise les services de paiement, pour la mise en \u0153uvre de ces services, la Plateforme est en relation avec des soci\u00e9t\u00e9s bancaires et financi\u00e8res tierces avec lesquelles elle a pass\u00e9 des contrats&nbsp;;<br>\u2013 lorsque l\u2019utilisateur publie, dans les zones de commentaires libres de la Plateforme, des informations accessibles au public&nbsp;;<br>\u2013 quand l\u2019utilisateur autorise le site web d\u2019un tiers \u00e0 acc\u00e9der \u00e0 ses donn\u00e9es&nbsp;;<br>\u2013 quand la Plateforme recourt aux services de prestataires pour fournir l\u2019assistance utilisateurs, la publicit\u00e9 et les services de paiement. Ces prestataires disposent d\u2019un acc\u00e8s limit\u00e9 aux donn\u00e9es de l\u2019utilisateur, dans le cadre de l\u2019ex\u00e9cution de ces prestations, et ont une obligation contractuelle de les utiliser en conformit\u00e9 avec les dispositions de la r\u00e9glementation applicable en mati\u00e8re protection des donn\u00e9es \u00e0 caract\u00e8re personnel&nbsp;;<br>\u2013 si la loi l\u2019exige, la Plateforme peut effectuer la transmission de donn\u00e9es pour donner suite aux r\u00e9clamations pr\u00e9sent\u00e9es contre la Plateforme et se conformer aux proc\u00e9dures administratives et judiciaires&nbsp;;<\/p>\n<p><b>Article 12&nbsp;\u2013 Offres commerciales<\/b><\/p>\n<p>Vous \u00eates susceptible de recevoir des offres commerciales de l\u2019\u00e9diteur. Si vous ne le souhaitez pas, veuillez cliquer sur le lien suivant&nbsp;:&nbsp;contact@chateaimaillard.com<br>Vos donn\u00e9es sont susceptibles d\u2019\u00eatre utilis\u00e9es par les partenaires de l\u2019\u00e9diteur \u00e0 des fins de prospection commerciale, Si vous ne le souhaitez pas, veuillez cliquer sur le lien suivant&nbsp;:&nbsp;chateau@maillard.com<br>Si, lors de la consultation du site, vous acc\u00e9dez \u00e0 des donn\u00e9es \u00e0 caract\u00e8re personnel, vous devez vous abstenir de toute collecte, de toute utilisation non autoris\u00e9e et de tout acte pouvant constituer une atteinte \u00e0 la vie priv\u00e9e ou \u00e0 la r\u00e9putation des personnes. L\u2019\u00e9diteur d\u00e9cline toute responsabilit\u00e9 \u00e0 cet \u00e9gard.<br>Les donn\u00e9es sont conserv\u00e9es et utilis\u00e9es pour une dur\u00e9e conforme \u00e0 la l\u00e9gislation en vigueur.<\/p>\n<p><b>Article 13&nbsp;\u2013&nbsp;Cookies<\/b><\/p>\n<p>Qu\u2019est-ce qu\u2019un \u00ab&nbsp;cookie&nbsp;\u00bb&nbsp;?<br>Un \u00ab&nbsp;Cookie&nbsp;\u00bb ou traceur est un fichier \u00e9lectronique d\u00e9pos\u00e9 sur un terminal (ordinateur, tablette, smartphone,\u2026) et lu par exemple lors de la consultation d\u2019un site internet, de la lecture d\u2019un courrier \u00e9lectronique, de l\u2019installation ou de l\u2019utilisation d\u2019un logiciel ou d\u2019une application mobile et ce quel que soit le type de terminal utilis\u00e9&nbsp;(source&nbsp;:&nbsp;https:\/\/www.cnil.fr\/fr\/cookies-traceurs-que-dit-la-loi&nbsp;).<br>En naviguant sur ce site, des \u00ab&nbsp;cookies&nbsp;\u00bb \u00e9manant de la soci\u00e9t\u00e9 responsable du site concern\u00e9 et\/ou des soci\u00e9t\u00e9s tiers pourront \u00eatre d\u00e9pos\u00e9s sur votre terminal.<br>Lors de la premi\u00e8re navigation sur ce site, une banni\u00e8re explicative sur l\u2019utilisation des \u00ab&nbsp;cookies&nbsp;\u00bb appara\u00eetra. D\u00e8s lors, en poursuivant la navigation, le client et\/ou prospect sera r\u00e9put\u00e9 inform\u00e9 et avoir accept\u00e9 l\u2019utilisation desdits \u00ab&nbsp;cookies&nbsp;\u00bb. Le consentement donn\u00e9 sera valable pour une p\u00e9riode de treize (13) mois.&nbsp;L\u2019utilisateur a la possibilit\u00e9 de d\u00e9sactiver les cookies \u00e0 partir des param\u00e8tres de son navigateur.<\/p>\n<p>Toutes les informations collect\u00e9es&nbsp;ne seront utilis\u00e9es que pour suivre le volume, le type et la configuration du trafic utilisant ce site, pour en d\u00e9velopper la conception et l\u2019agencement et \u00e0 d\u2019autres fins administratives et de planification et plus g\u00e9n\u00e9ralement pour am\u00e9liorer le service que nous vous offrons.<\/p>\n<p>Les cookies suivants sont pr\u00e9sents sur ce site&nbsp;:<\/p>\n<p>Cookies Facebook&nbsp;:<br>\u2013 Facebook connect&nbsp;: permet de s\u2019identifier \u00e0 l\u2019aide de son compte Facebook.<br>\u2013 Facebook social plugins&nbsp;: permet de liker, partager, commenter du contenu avec un&nbsp;compte Facebook.<br>\u2013 Facebook Custom Audience&nbsp;: permet d\u2019int\u00e9rargir avec l\u2019audience sur Facebook.<\/p>\n<p>La&nbsp;dur\u00e9e de vie de ces cookies est de treize mois.<\/p>\n<p>Pour plus d\u2019informations sur l\u2019utilisation, la gestion et la suppression des \u00ab&nbsp;cookies&nbsp;\u00bb, pour tout type de navigateur, nous vous invitons \u00e0 consulter le lien suivant&nbsp;:&nbsp;https:\/\/www.cnil.fr\/fr\/cookies-les-outils-pour-les-maitriser.<\/p>\n<p><b>Article 14&nbsp;\u2013&nbsp;Photographies et repr\u00e9sentation des produits<\/b><\/p>\n<p>Les photographies de produits, accompagnant leur description, ne sont pas contractuelles et n\u2019engagent pas l\u2019\u00e9diteur.<\/p>\n<p><b>Article 15&nbsp;\u2013&nbsp;Loi applicable<\/b><\/p>\n<p>Les pr\u00e9sentes conditions d\u2019utilisation du site sont r\u00e9gies par la loi fran\u00e7aise et soumises \u00e0 la comp\u00e9tence des tribunaux du si\u00e8ge social de l\u2019\u00e9diteur, sous r\u00e9serve d\u2019une attribution de comp\u00e9tence sp\u00e9cifique d\u00e9coulant d\u2019un texte de loi ou r\u00e9glementaire particulier.<\/p>\n<p><b>Article 16&nbsp;\u2013&nbsp;Contactez-nous<\/b><\/p>\n<p>Pour toute question, information sur les produits pr\u00e9sent\u00e9s sur le site, ou concernant le site lui-m\u00eame, vous pouvez laisser un message \u00e0 l\u2019adresse suivante&nbsp;:&nbsp;contact@chateaumaillard.com<\/p>\n<p>Google Analytics<\/p>\n<p>Comme outil de statistiques, le site www.chateaumaillard.com&nbsp;utilise Google Analytics. Il est impos\u00e9 aux sites utilisant ce service de mentionner un texte type pour les visiteurs, texte qui est ins\u00e9r\u00e9 dans le paragraphe suivant et entre des guillemets&nbsp;:<\/p>\n<p>\u00ab Ce site utilise Google Analytics, un service d\u2019analyse de site internet fourni par Google Inc. (&nbsp;\u00ab&nbsp;Google \u00bb&nbsp;). Google Analytics utilise des cookies , qui sont des fichiers texte plac\u00e9s sur votre ordinateur, pour aider le site internet \u00e0 analyser l\u2019utilisation du site par ses utilisateurs. Les donn\u00e9es g\u00e9n\u00e9r\u00e9es par les cookies concernant votre utilisation du site (y compris votre adresse IP) seront transmises et stock\u00e9es par Google sur des serveurs situ\u00e9s aux Etats-Unis. Google utilisera cette information dans le but d\u2019\u00e9valuer votre utilisation du site, de compiler des rapports sur l\u2019activit\u00e9 du site \u00e0 destination de son \u00e9diteur et de fournir d\u2019autres services relatifs \u00e0 l\u2019activit\u00e9 du site et \u00e0 l\u2019utilisation d\u2019Internet. Google est susceptible de communiquer ces donn\u00e9es \u00e0 des tiers en cas d\u2019obligation l\u00e9gale ou lorsque ces tiers traitent ces donn\u00e9es pour le compte de Google, y compris notamment l\u2019\u00e9diteur de ce site. Google ne recoupera pas votre adresse IP avec toute autre donn\u00e9e d\u00e9tenue par Google. Vous pouvez d\u00e9sactiver l\u2019utilisation de cookies en s\u00e9lectionnant les param\u00e8tres appropri\u00e9s de votre navigateur. Cependant, une telle d\u00e9sactivation pourrait emp\u00eacher l\u2019utilisation de certaines fonctionnalit\u00e9s de ce site. En utilisant ce site internet, vous consentez express\u00e9ment au traitement de vos donn\u00e9es nominatives par Google dans les conditions et pour les finalit\u00e9s d\u00e9crites ci-dessus.&nbsp;\u00bb<\/p>\n<p>Le site&nbsp;www.chateaumaillard.com&nbsp;collectant des informations personnelles de ses utilisateurs, fait l\u2019objet d\u2019une d\u00e9claration aupr\u00e8s de la CNIL, sous le num\u00e9ro d\u2019enregistrement suivant&nbsp;:&nbsp;********.<\/p>\n<p>L&rsquo;abus d&rsquo;alcool est dangereux pour la sant\u00e9, \u00e0 consommer avec mod\u00e9ration.<\/p>\t\t\t\t\t\t\t\t<\/div>\n\t\t\t\t<\/div>\n\t\t\t\t\t<\/div>\n\t\t<\/div>\n\t\t\t\t\t<\/div>\n\t\t<\/section>\n\t\t\t\t<\/div>\n\t\t","protected":false},"excerpt":{"rendered":"<p>Conditions ge\u0301ne\u0301rales de vente Conditions g\u00e9n\u00e9rales de vente&nbsp;de produits&nbsp;en ligne \u00e0 des consommateurs particuliers Date de derni\u00e8re mise \u00e0 jour&nbsp;11.06.2019&nbsp; Pr\u00e9ambule&nbsp; Les pr\u00e9sentes conditions g\u00e9n\u00e9rales de vente s\u2019appliquent \u00e0 toutes les ventes conclues sur le site Internet&nbsp;Ch\u00e2teau Maillard. Le site Internet&nbsp;www.chateaumaillard.com&nbsp;est un service de&nbsp;: La soci\u00e9t\u00e9&nbsp;&nbsp;Ch\u00e2teau MaillardRCS (ou R\u00e9pertoire des m\u00e9tiers) de BORDEAUX.n\u00b0.392 421 079&nbsp;N\u00b0 [&hellip;]<\/p>\n","protected":false},"author":1,"featured_media":0,"parent":0,"menu_order":0,"comment_status":"closed","ping_status":"closed","template":"elementor_header_footer","meta":{"inline_featured_image":false,"site-sidebar-layout":"default","site-content-layout":"","ast-site-content-layout":"default","site-content-style":"default","site-sidebar-style":"default","ast-global-header-display":"","ast-banner-title-visibility":"","ast-main-header-display":"","ast-hfb-above-header-display":"","ast-hfb-below-header-display":"","ast-hfb-mobile-header-display":"","site-post-title":"","ast-breadcrumbs-content":"","ast-featured-img":"","footer-sml-layout":"","ast-disable-related-posts":"","theme-transparent-header-meta":"","adv-header-id-meta":"","stick-header-meta":"","header-above-stick-meta":"","header-main-stick-meta":"","header-below-stick-meta":"","astra-migrate-meta-layouts":"default","ast-page-background-enabled":"default","ast-page-background-meta":{"desktop":{"background-color":"","background-image":"","background-repeat":"repeat","background-position":"center center","background-size":"auto","background-attachment":"scroll","background-type":"","background-media":"","overlay-type":"","overlay-color":"","overlay-opacity":"","overlay-gradient":""},"tablet":{"background-color":"","background-image":"","background-repeat":"repeat","background-position":"center center","background-size":"auto","background-attachment":"scroll","background-type":"","background-media":"","overlay-type":"","overlay-color":"","overlay-opacity":"","overlay-gradient":""},"mobile":{"background-color":"","background-image":"","background-repeat":"repeat","background-position":"center center","background-size":"auto","background-attachment":"scroll","background-type":"","background-media":"","overlay-type":"","overlay-color":"","overlay-opacity":"","overlay-gradient":""}},"ast-content-background-meta":{"desktop":{"background-color":"var(--ast-global-color-5)","background-image":"","background-repeat":"repeat","background-position":"center center","background-size":"auto","background-attachment":"scroll","background-type":"","background-media":"","overlay-type":"","overlay-color":"","overlay-opacity":"","overlay-gradient":""},"tablet":{"background-color":"var(--ast-global-color-5)","background-image":"","background-repeat":"repeat","background-position":"center center","background-size":"auto","background-attachment":"scroll","background-type":"","background-media":"","overlay-type":"","overlay-color":"","overlay-opacity":"","overlay-gradient":""},"mobile":{"background-color":"var(--ast-global-color-5)","background-image":"","background-repeat":"repeat","background-position":"center center","background-size":"auto","background-attachment":"scroll","background-type":"","background-media":"","overlay-type":"","overlay-color":"","overlay-opacity":"","overlay-gradient":""}},"footnotes":""},"class_list":["post-483","page","type-page","status-publish","hentry"],"yoast_head":"<!-- This site is optimized with the Yoast SEO plugin v27.5 - https:\/\/yoast.com\/product\/yoast-seo-wordpress\/ -->\n<title>Conditions ge\u0301ne\u0301rales de vente - Chateau Maillard<\/title>\n<meta name=\"robots\" content=\"index, follow, max-snippet:-1, max-image-preview:large, max-video-preview:-1\" \/>\n<link rel=\"canonical\" href=\"https:\/\/chateaumaillard.com\/en\/conditions-generales-de-vente\/\" \/>\n<meta property=\"og:locale\" content=\"en_GB\" \/>\n<meta property=\"og:type\" content=\"article\" \/>\n<meta property=\"og:title\" content=\"Conditions ge\u0301ne\u0301rales de vente - Chateau Maillard\" \/>\n<meta property=\"og:description\" content=\"Conditions ge\u0301ne\u0301rales de vente Conditions g\u00e9n\u00e9rales de vente&nbsp;de produits&nbsp;en ligne \u00e0 des consommateurs particuliers Date de derni\u00e8re mise \u00e0 jour&nbsp;11.06.2019&nbsp; Pr\u00e9ambule&nbsp; Les pr\u00e9sentes conditions g\u00e9n\u00e9rales de vente s\u2019appliquent \u00e0 toutes les ventes conclues sur le site Internet&nbsp;Ch\u00e2teau Maillard. Le site Internet&nbsp;www.chateaumaillard.com&nbsp;est un service de&nbsp;: La soci\u00e9t\u00e9&nbsp;&nbsp;Ch\u00e2teau MaillardRCS (ou R\u00e9pertoire des m\u00e9tiers) de BORDEAUX.n\u00b0.392 421 079&nbsp;N\u00b0 [&hellip;]\" \/>\n<meta property=\"og:url\" content=\"https:\/\/chateaumaillard.com\/en\/conditions-generales-de-vente\/\" \/>\n<meta property=\"og:site_name\" content=\"Chateau Maillard\" \/>\n<meta property=\"article:modified_time\" content=\"2020-09-10T13:19:31+00:00\" \/>\n<meta name=\"twitter:card\" content=\"summary_large_image\" \/>\n<meta name=\"twitter:label1\" content=\"Estimated reading time\" \/>\n\t<meta name=\"twitter:data1\" content=\"50 minutes\" \/>\n<script type=\"application\/ld+json\" class=\"yoast-schema-graph\">{\"@context\":\"https:\\\/\\\/schema.org\",\"@graph\":[{\"@type\":\"WebPage\",\"@id\":\"https:\\\/\\\/chateaumaillard.com\\\/en\\\/conditions-generales-de-vente\\\/\",\"url\":\"https:\\\/\\\/chateaumaillard.com\\\/en\\\/conditions-generales-de-vente\\\/\",\"name\":\"Conditions ge\u0301ne\u0301rales de vente - Chateau Maillard\",\"isPartOf\":{\"@id\":\"https:\\\/\\\/chateaumaillard.com\\\/#website\"},\"datePublished\":\"2020-09-10T12:48:55+00:00\",\"dateModified\":\"2020-09-10T13:19:31+00:00\",\"breadcrumb\":{\"@id\":\"https:\\\/\\\/chateaumaillard.com\\\/en\\\/conditions-generales-de-vente\\\/#breadcrumb\"},\"inLanguage\":\"en-GB\",\"potentialAction\":[{\"@type\":\"ReadAction\",\"target\":[\"https:\\\/\\\/chateaumaillard.com\\\/en\\\/conditions-generales-de-vente\\\/\"]}]},{\"@type\":\"BreadcrumbList\",\"@id\":\"https:\\\/\\\/chateaumaillard.com\\\/en\\\/conditions-generales-de-vente\\\/#breadcrumb\",\"itemListElement\":[{\"@type\":\"ListItem\",\"position\":1,\"name\":\"Accueil\",\"item\":\"https:\\\/\\\/chateaumaillard.com\\\/\"},{\"@type\":\"ListItem\",\"position\":2,\"name\":\"Conditions ge\u0301ne\u0301rales de vente\"}]},{\"@type\":\"WebSite\",\"@id\":\"https:\\\/\\\/chateaumaillard.com\\\/#website\",\"url\":\"https:\\\/\\\/chateaumaillard.com\\\/\",\"name\":\"Chateau Maillard\",\"description\":\"Vins de graves\",\"potentialAction\":[{\"@type\":\"SearchAction\",\"target\":{\"@type\":\"EntryPoint\",\"urlTemplate\":\"https:\\\/\\\/chateaumaillard.com\\\/?s={search_term_string}\"},\"query-input\":{\"@type\":\"PropertyValueSpecification\",\"valueRequired\":true,\"valueName\":\"search_term_string\"}}],\"inLanguage\":\"en-GB\"}]}<\/script>\n<!-- \/ Yoast SEO plugin. -->","yoast_head_json":{"title":"Conditions ge\u0301ne\u0301rales de vente - Chateau Maillard","robots":{"index":"index","follow":"follow","max-snippet":"max-snippet:-1","max-image-preview":"max-image-preview:large","max-video-preview":"max-video-preview:-1"},"canonical":"https:\/\/chateaumaillard.com\/en\/conditions-generales-de-vente\/","og_locale":"en_GB","og_type":"article","og_title":"Conditions ge\u0301ne\u0301rales de vente - Chateau Maillard","og_description":"Conditions ge\u0301ne\u0301rales de vente Conditions g\u00e9n\u00e9rales de vente&nbsp;de produits&nbsp;en ligne \u00e0 des consommateurs particuliers Date de derni\u00e8re mise \u00e0 jour&nbsp;11.06.2019&nbsp; Pr\u00e9ambule&nbsp; Les pr\u00e9sentes conditions g\u00e9n\u00e9rales de vente s\u2019appliquent \u00e0 toutes les ventes conclues sur le site Internet&nbsp;Ch\u00e2teau Maillard. Le site Internet&nbsp;www.chateaumaillard.com&nbsp;est un service de&nbsp;: La soci\u00e9t\u00e9&nbsp;&nbsp;Ch\u00e2teau MaillardRCS (ou R\u00e9pertoire des m\u00e9tiers) de BORDEAUX.n\u00b0.392 421 079&nbsp;N\u00b0 [&hellip;]","og_url":"https:\/\/chateaumaillard.com\/en\/conditions-generales-de-vente\/","og_site_name":"Chateau Maillard","article_modified_time":"2020-09-10T13:19:31+00:00","twitter_card":"summary_large_image","twitter_misc":{"Estimated reading time":"50 minutes"},"schema":{"@context":"https:\/\/schema.org","@graph":[{"@type":"WebPage","@id":"https:\/\/chateaumaillard.com\/en\/conditions-generales-de-vente\/","url":"https:\/\/chateaumaillard.com\/en\/conditions-generales-de-vente\/","name":"Conditions ge\u0301ne\u0301rales de vente - Chateau Maillard","isPartOf":{"@id":"https:\/\/chateaumaillard.com\/#website"},"datePublished":"2020-09-10T12:48:55+00:00","dateModified":"2020-09-10T13:19:31+00:00","breadcrumb":{"@id":"https:\/\/chateaumaillard.com\/en\/conditions-generales-de-vente\/#breadcrumb"},"inLanguage":"en-GB","potentialAction":[{"@type":"ReadAction","target":["https:\/\/chateaumaillard.com\/en\/conditions-generales-de-vente\/"]}]},{"@type":"BreadcrumbList","@id":"https:\/\/chateaumaillard.com\/en\/conditions-generales-de-vente\/#breadcrumb","itemListElement":[{"@type":"ListItem","position":1,"name":"Accueil","item":"https:\/\/chateaumaillard.com\/"},{"@type":"ListItem","position":2,"name":"Conditions ge\u0301ne\u0301rales de vente"}]},{"@type":"WebSite","@id":"https:\/\/chateaumaillard.com\/#website","url":"https:\/\/chateaumaillard.com\/","name":"Chateau Maillard","description":"Vins de graves","potentialAction":[{"@type":"SearchAction","target":{"@type":"EntryPoint","urlTemplate":"https:\/\/chateaumaillard.com\/?s={search_term_string}"},"query-input":{"@type":"PropertyValueSpecification","valueRequired":true,"valueName":"search_term_string"}}],"inLanguage":"en-GB"}]}},"_links":{"self":[{"href":"https:\/\/chateaumaillard.com\/en\/wp-json\/wp\/v2\/pages\/483","targetHints":{"allow":["GET"]}}],"collection":[{"href":"https:\/\/chateaumaillard.com\/en\/wp-json\/wp\/v2\/pages"}],"about":[{"href":"https:\/\/chateaumaillard.com\/en\/wp-json\/wp\/v2\/types\/page"}],"author":[{"embeddable":true,"href":"https:\/\/chateaumaillard.com\/en\/wp-json\/wp\/v2\/users\/1"}],"replies":[{"embeddable":true,"href":"https:\/\/chateaumaillard.com\/en\/wp-json\/wp\/v2\/comments?post=483"}],"version-history":[{"count":3,"href":"https:\/\/chateaumaillard.com\/en\/wp-json\/wp\/v2\/pages\/483\/revisions"}],"predecessor-version":[{"id":494,"href":"https:\/\/chateaumaillard.com\/en\/wp-json\/wp\/v2\/pages\/483\/revisions\/494"}],"wp:attachment":[{"href":"https:\/\/chateaumaillard.com\/en\/wp-json\/wp\/v2\/media?parent=483"}],"curies":[{"name":"wp","href":"https:\/\/api.w.org\/{rel}","templated":true}]}}